{"id":9303,"date":"2014-02-16T18:50:40","date_gmt":"2014-02-16T16:50:40","guid":{"rendered":"https:\/\/www.cpv-ev.com\/?page_id=9303"},"modified":"2021-01-25T14:50:29","modified_gmt":"2021-01-25T12:50:29","slug":"kevin-iii-van-de-arenbosch-joris","status":"publish","type":"page","link":"https:\/\/www.cpv-ev.com\/?page_id=9303","title":{"rendered":"Kevin III (Van de Arenbosch Joris)"},"content":{"rendered":"<p>&nbsp;<\/p>\n<table cellspacing=\"0\" cellpadding=\"0\" border=\"1\">\n<tbody>\n<tr>\n<td width=\"359\" valign=\"top\"><strong>Farbe:<\/strong> Schimmel<\/td>\n<td width=\"359\" valign=\"top\"><strong>Hengstbuch:<\/strong> Westfalen HB I<\/td>\n<\/tr>\n<tr>\n<td width=\"359\" valign=\"top\"><strong>Geboren:<\/strong> 03.05.1977<\/td>\n<td width=\"359\" valign=\"top\"><strong>Leistungspr\u00fcfung:<\/strong><\/td>\n<\/tr>\n<tr>\n<td width=\"359\" valign=\"top\"><strong>Stockma\u00df: <\/strong>138 cm<strong><br \/>\n<\/strong><\/td>\n<td width=\"359\" valign=\"top\"><strong>Tr\u00e4ger des Creme-Faktors:<\/strong> unbekannt<\/td>\n<\/tr>\n<tr>\n<td width=\"359\" valign=\"top\"><strong>R\u00f6hrbein: <\/strong><strong><br \/>\n<\/strong><\/td>\n<td width=\"359\" valign=\"top\"><strong>Tr\u00e4ger des Fuchsgens:<\/strong> unbekannt<\/td>\n<\/tr>\n<tr>\n<td width=\"359\" valign=\"top\"><strong>Ausgeschieden:<\/strong> vor 1983 kastriert<\/td>\n<td width=\"359\" valign=\"top\"><\/td>\n<\/tr>\n<tr>\n<td width=\"359\" valign=\"top\"><img loading=\"lazy\" decoding=\"async\" class=\"alignnone size-full wp-image-232\" src=\"https:\/\/www.cpv-ev.com\/wp-content\/uploads\/2012\/07\/trans240x10.gif\" alt=\"trans240x10\" width=\"240\" height=\"10\" srcset=\"https:\/\/www.cpv-ev.com\/wp-content\/uploads\/2012\/07\/trans240x10.gif 240w, https:\/\/www.cpv-ev.com\/wp-content\/uploads\/2012\/07\/trans240x10-225x10.gif 225w\" sizes=\"auto, (max-width: 240px) 100vw, 240px\" \/><\/td>\n<td width=\"359\" valign=\"top\"><\/td>\n<\/tr>\n<tr>\n<td width=\"359\" valign=\"top\"><strong>Gek\u00f6rte S\u00f6hne:<\/strong><\/td>\n<td width=\"359\" valign=\"top\"><strong>Eingetragene Stuten:<\/strong><\/td>\n<\/tr>\n<tr>\n<td width=\"359\" valign=\"top\"><\/td>\n<td width=\"359\" valign=\"top\"><strong>davon StPrSt:<\/strong><\/td>\n<\/tr>\n<tr>\n<td width=\"359\" valign=\"top\"><img loading=\"lazy\" decoding=\"async\" src=\"https:\/\/www.cpv-ev.com\/wp-content\/uploads\/2012\/07\/trans240x10.gif\" alt=\"trans240x10\" width=\"240\" height=\"10\"><\/td>\n<td width=\"359\" valign=\"top\"><\/td>\n<\/tr>\n<tr>\n<td width=\"359\" valign=\"top\"><strong>Lebensgewinnsumme:<\/strong><img loading=\"lazy\" decoding=\"async\" class=\"alignnone size-full wp-image-232\" title=\"trans240x10\" src=\"https:\/\/www.cpv-ev.com\/wp-content\/uploads\/2012\/07\/trans240x10.gif\" alt=\"\" width=\"100\" height=\"20\"><\/td>\n<td width=\"359\" valign=\"top\"><strong>Nachkommen-LGS:<\/strong><\/td>\n<\/tr>\n<tr>\n<td colspan=\"2\" width=\"717\" valign=\"top\"><img loading=\"lazy\" decoding=\"async\" src=\"https:\/\/www.cpv-ev.com\/wp-content\/uploads\/2012\/07\/trans240x10.gif\" alt=\"trans240x10\" width=\"240\" height=\"10\"><\/td>\n<\/tr>\n<tr>\n<td colspan=\"2\" width=\"717\" valign=\"top\"><strong><strong>Z\u00fcchter: <\/strong><\/strong>Leon Verschuren, Niederlande<strong><strong><br \/>\n<\/strong><\/strong><strong>Besitzer: <\/strong>Alfons Dahlhaus, Wadersloh<strong><br \/>\n<\/strong><\/td>\n<\/tr>\n<\/tbody>\n<\/table>\n<h5>Pedigree<\/h5>\n<p><img loading=\"lazy\" decoding=\"async\" class=\"alignnone size-full wp-image-9756\" src=\"https:\/\/www.cpv-ev.com\/wp-content\/uploads\/2014\/02\/Kevin-III-Van-de-Arenbosch-Joris.jpg\" alt=\"Kevin III Van de Arenbosch Joris\" width=\"680\" height=\"320\" srcset=\"https:\/\/www.cpv-ev.com\/wp-content\/uploads\/2014\/02\/Kevin-III-Van-de-Arenbosch-Joris.jpg 680w, https:\/\/www.cpv-ev.com\/wp-content\/uploads\/2014\/02\/Kevin-III-Van-de-Arenbosch-Joris-233x110.jpg 233w, https:\/\/www.cpv-ev.com\/wp-content\/uploads\/2014\/02\/Kevin-III-Van-de-Arenbosch-Joris-300x141.jpg 300w, https:\/\/www.cpv-ev.com\/wp-content\/uploads\/2014\/02\/Kevin-III-Van-de-Arenbosch-Joris-500x235.jpg 500w\" sizes=\"auto, (max-width: 680px) 100vw, 680px\" \/><\/p>\n<h5>Galerie<\/h5>\n<p><a href=\"https:\/\/www.cpv-ev.com\/wp-content\/uploads\/2021\/01\/Kevin-III-Van-de-Arenbosch-Joris.jpg\"><img loading=\"lazy\" decoding=\"async\" class=\"alignnone size-thumbnail wp-image-25705\" src=\"https:\/\/www.cpv-ev.com\/wp-content\/uploads\/2021\/01\/Kevin-III-Van-de-Arenbosch-Joris-147x110.jpg\" alt=\"\" width=\"147\" height=\"110\" srcset=\"https:\/\/www.cpv-ev.com\/wp-content\/uploads\/2021\/01\/Kevin-III-Van-de-Arenbosch-Joris-147x110.jpg 147w, https:\/\/www.cpv-ev.com\/wp-content\/uploads\/2021\/01\/Kevin-III-Van-de-Arenbosch-Joris-300x225.jpg 300w, https:\/\/www.cpv-ev.com\/wp-content\/uploads\/2021\/01\/Kevin-III-Van-de-Arenbosch-Joris-500x375.jpg 500w, https:\/\/www.cpv-ev.com\/wp-content\/uploads\/2021\/01\/Kevin-III-Van-de-Arenbosch-Joris-146x110.jpg 146w, https:\/\/www.cpv-ev.com\/wp-content\/uploads\/2021\/01\/Kevin-III-Van-de-Arenbosch-Joris.jpg 661w\" sizes=\"auto, (max-width: 147px) 100vw, 147px\" \/><\/a><\/p>\n<h5>Nachkommen<\/h5>\n\n<table id=\"tablepress-18\" class=\"tablepress tablepress-id-18\">\n<thead>\n<tr class=\"row-1\">\n\t<th class=\"column-1\">FOTO<\/th><th class=\"column-2\">NAME<\/th><th class=\"column-3\">JAHR<\/th><th class=\"column-4\">VATER<\/th><th class=\"column-5\">MUTTER<\/th><th class=\"column-6\">Z\u00dcCHTER<\/th>\n<\/tr>\n<\/thead>\n<tbody class=\"row-striping row-hover\">\n<\/tbody>\n<\/table>\n<!-- #tablepress-18 from cache -->\n","protected":false},"excerpt":{"rendered":"<p>&nbsp; Farbe: Schimmel Hengstbuch: Westfalen HB I Geboren: 03.05.1977 Leistungspr\u00fcfung: Stockma\u00df: 138 cm Tr\u00e4ger des Creme-Faktors: unbekannt R\u00f6hrbein: Tr\u00e4ger des Fuchsgens: unbekannt Ausgeschieden: vor 1983 kastriert Gek\u00f6rte S\u00f6hne: Eingetragene Stuten: davon StPrSt: Lebensgewinnsumme: Nachkommen-LGS: Z\u00fcchter: Leon Verschuren, Niederlande Besitzer: Alfons <a class=\"more-link\" href=\"https:\/\/www.cpv-ev.com\/?page_id=9303\"><span class=\"screen-reader-text\">  Kevin III (Van de Arenbosch Joris)<\/span> weiterlesen<span class=\"meta-nav\">&rarr;<\/span><\/a><\/p>\n","protected":false},"author":2,"featured_media":0,"parent":11815,"menu_order":0,"comment_status":"closed","ping_status":"closed","template":"","meta":{"ngg_post_thumbnail":0,"footnotes":""},"class_list":["post-9303","page","type-page","status-publish","hentry"],"_links":{"self":[{"href":"https:\/\/www.cpv-ev.com\/index.php?rest_route=\/wp\/v2\/pages\/9303","targetHints":{"allow":["GET"]}}],"collection":[{"href":"https:\/\/www.cpv-ev.com\/index.php?rest_route=\/wp\/v2\/pages"}],"about":[{"href":"https:\/\/www.cpv-ev.com\/index.php?rest_route=\/wp\/v2\/types\/page"}],"author":[{"embeddable":true,"href":"https:\/\/www.cpv-ev.com\/index.php?rest_route=\/wp\/v2\/users\/2"}],"replies":[{"embeddable":true,"href":"https:\/\/www.cpv-ev.com\/index.php?rest_route=%2Fwp%2Fv2%2Fcomments&post=9303"}],"version-history":[{"count":0,"href":"https:\/\/www.cpv-ev.com\/index.php?rest_route=\/wp\/v2\/pages\/9303\/revisions"}],"up":[{"embeddable":true,"href":"https:\/\/www.cpv-ev.com\/index.php?rest_route=\/wp\/v2\/pages\/11815"}],"wp:attachment":[{"href":"https:\/\/www.cpv-ev.com\/index.php?rest_route=%2Fwp%2Fv2%2Fmedia&parent=9303"}],"curies":[{"name":"wp","href":"https:\/\/api.w.org\/{rel}","templated":true}]}}