{"id":46,"date":"2012-07-09T13:40:08","date_gmt":"2012-07-09T11:40:08","guid":{"rendered":"https:\/\/www.cpv-ev.com?page_id=46"},"modified":"2026-04-25T13:13:49","modified_gmt":"2026-04-25T11:13:49","slug":"vorstand","status":"publish","type":"page","link":"https:\/\/www.cpv-ev.com\/?page_id=46","title":{"rendered":"Vorstand"},"content":{"rendered":"<figure class=\"wp-block-table\">\n<table>\n<tbody>\n<tr>\n<td><strong>1. Vorsitzender<\/strong><\/p>\n<figure><img loading=\"lazy\" decoding=\"async\" class=\"alignnone wp-image-28916\" src=\"https:\/\/www.cpv-ev.com\/wp-content\/uploads\/2024\/11\/PHOTO-2024-11-11-12-18-38-113x110.jpg\" alt=\"\" width=\"161\" height=\"157\" srcset=\"https:\/\/www.cpv-ev.com\/wp-content\/uploads\/2024\/11\/PHOTO-2024-11-11-12-18-38-113x110.jpg 113w, https:\/\/www.cpv-ev.com\/wp-content\/uploads\/2024\/11\/PHOTO-2024-11-11-12-18-38-300x292.jpg 300w, https:\/\/www.cpv-ev.com\/wp-content\/uploads\/2024\/11\/PHOTO-2024-11-11-12-18-38-500x486.jpg 500w, https:\/\/www.cpv-ev.com\/wp-content\/uploads\/2024\/11\/PHOTO-2024-11-11-12-18-38-768x747.jpg 768w, https:\/\/www.cpv-ev.com\/wp-content\/uploads\/2024\/11\/PHOTO-2024-11-11-12-18-38-1536x1493.jpg 1536w, https:\/\/www.cpv-ev.com\/wp-content\/uploads\/2024\/11\/PHOTO-2024-11-11-12-18-38.jpg 2048w\" sizes=\"auto, (max-width: 161px) 100vw, 161px\" \/><\/figure>\n<\/td>\n<td><strong>Timmy Kreuzer<\/strong><\/p>\n<p>Oberdorfstra\u00dfe 8<br \/>\n61276 Weilrod (Winden)<br \/>\nTel.: +49 (0) 6083-3290154<br \/>\nE-Mail: <a href=\"mailto:timmy-kreuzer@web.de\">timmy-kreuzer@web.de<\/a><\/td>\n<\/tr>\n<tr>\n<td><strong>2. Vorsitzender<\/strong><\/p>\n<figure><img loading=\"lazy\" decoding=\"async\" class=\"alignnone wp-image-928916\"  src=\"https:\/\/www.cpv-ev.com\/wp-content\/uploads\/2021\/06\/Jan-Hendricks.jpg\" alt=\"\" width=\"119\" height=\"180\"><\/figure>\n<\/td>\n<td><strong>Jan Hendricks<\/strong><\/p>\n<p>Landwehr Stra\u00dfe 26<br \/>\n47574 Goch<br \/>\nMobil: +49 (0) 176-30530237<br \/>\nE-Mail: <a href=\"mailto:j.hendricks@gaesdonck.de\">j.hendricks@gaesdonck.de<\/a><br \/>\nWeb: <a href=\"http:\/\/www.connemara-sunshine.com\" target=\"_blank\" rel=\"noopener noreferrer\">www.connemara-sunshine.com<\/a><\/td>\n<\/tr>\n<tr>\n<td><strong>Gesch\u00e4ftsf\u00fchrerin<\/strong><\/p>\n<figure><img loading=\"lazy\" decoding=\"async\" class=\"alignnone wp-image-6172\" src=\"https:\/\/www.cpv-ev.com\/wp-content\/uploads\/2013\/04\/Bettina-H\u00e4rtel-72x110.jpg\" alt=\"\" width=\"124\" height=\"182\"><\/figure>\n<\/td>\n<td><strong>Bettina H\u00e4rtel<\/strong><\/p>\n<p>Wilhelminenstr. 13<br \/>\n45479 M\u00fclheim<br \/>\nTel.: +49 (0) 208-428995<br \/>\nMobil: +49 (0) 172-8896484<br \/>\nE-Mail: <a href=\"mailto:bettina.haertel@yahoo.de\">bettina.haertel@yahoo.de<\/a><\/td>\n<\/tr>\n<tr>\n<td colspan=\"2\">Frau H\u00e4rtel steht Ihnen f\u00fcr alle Fragen zu unserem Verein zur Verf\u00fcgung. Ebenso ist sie zust\u00e4ndig f\u00fcr die Shop-Bestellungen. Sie versendet das Infomaterial und bearbeitet die Verkaufsliste auf der Website.<\/td>\n<\/tr>\n<tr>\n<td><strong>Zuchtbeauftragte<\/strong><\/p>\n<figure><img loading=\"lazy\" decoding=\"async\" class=\"alignnone wp-image-28921\" src=\"https:\/\/www.cpv-ev.com\/wp-content\/uploads\/2024\/11\/PHOTO-2024-11-17-22-26-38-62x110.jpg\" alt=\"\" width=\"123\" height=\"208\"><\/figure>\n<\/td>\n<td><strong>Sabine Dr\u00f6ge<\/strong><\/p>\n<p>Spitalgasse 4<br \/>\n59457 Werl<br \/>\nTel.: +49 (0) 2922-910225<br \/>\nMobil: +49 (0) 177-7522294<br \/>\nFAX: +49 (0) 2922-910228. &nbsp;<br \/>\nE-Mail: <a href=\"mailto:BiniD@aol.com\">BiniD@aol.com<\/a><\/td>\n<\/tr>\n<tr>\n<td colspan=\"2\">Frau Dr\u00f6ge steht Ihnen in allen Fragen rund um die Zucht zur Verf\u00fcgung.<\/td>\n<\/tr>\n<tr>\n<td><strong>Freizeit- u. Sportbeauftragte <\/strong><\/p>\n<figure><img loading=\"lazy\" decoding=\"async\" title=\"Birgit Daude\" src=\"https:\/\/www.cpv-ev.com\/wp-content\/uploads\/2013\/04\/Birgit-Daude.jpg\" alt=\"\" width=\"119\" height=\"180\"><\/figure>\n<\/td>\n<td><strong>Birgit Daude<\/strong><\/p>\n<p>Brunnenstr. 6<br \/>\n34516 V\u00f6hl-Basdorf<br \/>\nTel.: +49 (0) 5635-1257<br \/>\nMobil: +49 (0) 151-56168481<br \/>\nE-Mail: <a href=\"mailto:h-daude@online.de\">h-daude@online.de<\/a><br \/>\nWeb: <a href=\"http:\/\/www.kaiserhof-connemara.de\" target=\"_blank\" rel=\"noopener noreferrer\">www.kaiserhof-connemara.de<\/a><\/td>\n<\/tr>\n<tr>\n<td colspan=\"2\">Frau Daude bearbeitet auch die Mitgliedsantr\u00e4ge.<\/td>\n<\/tr>\n<tr>\n<td><strong>\u00d6ffentlichkeitsarbeit<\/strong><\/p>\n<figure><img loading=\"lazy\" decoding=\"async\" class=\" wp-image-29000 alignnone\" src=\"https:\/\/www.cpv-ev.com\/wp-content\/uploads\/2025\/01\/IMG_2247-73x110.jpg\" alt=\"\" width=\"122\" height=\"177\"><\/figure>\n<\/td>\n<td><strong>Saskia Henninger<\/strong><\/p>\n<p>Im Schiff 3a<br \/>\n38373 Frellstedt<br \/>\nMobil: +49 (0) 177-6828176<br \/>\nE-Mail: <a href=\"mailto:henninger.saskia@gmail.com\">henninger.saskia@gmail.com<\/a><br \/>\nWeb: <a href=\"http:\/\/www.schunterhof.de\">www.schunterhof.de<\/a><\/td>\n<\/tr>\n<tr>\n<td colspan=\"2\">&nbsp;<\/td>\n<\/tr>\n<tr>\n<td><strong>Kassenwartin<\/strong><\/p>\n<figure><img loading=\"lazy\" decoding=\"async\" title=\"Carolin Fischer\" src=\"https:\/\/www.cpv-ev.com\/wp-content\/uploads\/2013\/04\/Carolin-Fischer.jpg\" alt=\"\" width=\"119\" height=\"180\"><\/figure>\n<\/td>\n<td><strong>Carolin Fischer<\/strong><\/p>\n<p>Bornekampstra\u00dfe 32<br \/>\n59423 Unna<br \/>\nTel.: +49 (0) 2303-5949369<br \/>\nMobil: +49 (0) 157-86755922<br \/>\nE-Mail: <a href=\"mailto:kasse@connemara-pony.de\">kasse@connemara-pony.de<\/a><\/td>\n<\/tr>\n<tr>\n<td colspan=\"2\">Frau Fischer steht Ihnen bei Fragen zu Ihrer Beitragsrechnung zur Verf\u00fcgung.<\/td>\n<\/tr>\n<\/tbody>\n<\/table>\n<\/figure>\n","protected":false},"excerpt":{"rendered":"<p>1. Vorsitzender Timmy Kreuzer Oberdorfstra\u00dfe 8 61276 Weilrod (Winden) Tel.: +49 (0) 6083-3290154 E-Mail: timmy-kreuzer@web.de 2. Vorsitzender Jan Hendricks Landwehr Stra\u00dfe 26 47574 Goch Mobil: +49 (0) 176-30530237 E-Mail: j.hendricks@gaesdonck.de Web: www.connemara-sunshine.com Gesch\u00e4ftsf\u00fchrerin Bettina H\u00e4rtel Wilhelminenstr. 13 45479 M\u00fclheim Tel.: <a class=\"more-link\" href=\"https:\/\/www.cpv-ev.com\/?page_id=46\"><span class=\"screen-reader-text\">  Vorstand<\/span> weiterlesen<span class=\"meta-nav\">&rarr;<\/span><\/a><\/p>\n","protected":false},"author":1,"featured_media":0,"parent":0,"menu_order":0,"comment_status":"closed","ping_status":"open","template":"","meta":{"ngg_post_thumbnail":0,"footnotes":""},"class_list":["post-46","page","type-page","status-publish","hentry"],"_links":{"self":[{"href":"https:\/\/www.cpv-ev.com\/index.php?rest_route=\/wp\/v2\/pages\/46","targetHints":{"allow":["GET"]}}],"collection":[{"href":"https:\/\/www.cpv-ev.com\/index.php?rest_route=\/wp\/v2\/pages"}],"about":[{"href":"https:\/\/www.cpv-ev.com\/index.php?rest_route=\/wp\/v2\/types\/page"}],"author":[{"embeddable":true,"href":"https:\/\/www.cpv-ev.com\/index.php?rest_route=\/wp\/v2\/users\/1"}],"replies":[{"embeddable":true,"href":"https:\/\/www.cpv-ev.com\/index.php?rest_route=%2Fwp%2Fv2%2Fcomments&post=46"}],"version-history":[{"count":36,"href":"https:\/\/www.cpv-ev.com\/index.php?rest_route=\/wp\/v2\/pages\/46\/revisions"}],"predecessor-version":[{"id":30240,"href":"https:\/\/www.cpv-ev.com\/index.php?rest_route=\/wp\/v2\/pages\/46\/revisions\/30240"}],"wp:attachment":[{"href":"https:\/\/www.cpv-ev.com\/index.php?rest_route=%2Fwp%2Fv2%2Fmedia&parent=46"}],"curies":[{"name":"wp","href":"https:\/\/api.w.org\/{rel}","templated":true}]}}