{"id":421,"date":"2012-07-16T10:21:19","date_gmt":"2012-07-16T08:21:19","guid":{"rendered":"https:\/\/www.cpv-ev.com\/?page_id=421"},"modified":"2023-11-14T20:50:47","modified_gmt":"2023-11-14T18:50:47","slug":"giron","status":"publish","type":"page","link":"https:\/\/www.cpv-ev.com\/?page_id=421","title":{"rendered":"Giron"},"content":{"rendered":"<table border=\"1\" cellspacing=\"0\" cellpadding=\"0\">\n<tbody>\n<tr>\n<td colspan=\"2\" valign=\"top\" width=\"717\"><img loading=\"lazy\" decoding=\"async\" src=\"https:\/\/www.cpv-ev.com\/wp-content\/uploads\/2012\/07\/trans240x10.gif\" alt=\"trans240x10\" width=\"240\" height=\"10\" \/><\/td>\n<\/tr>\n<tr>\n<td valign=\"top\" width=\"359\"><strong>Farbe:<\/strong> Braun<\/td>\n<td valign=\"top\" width=\"359\"><strong>Hengstbuch:<\/strong> Rheinland HB I<br \/>\n<strong>K\u00f6rung:<\/strong> 04.04.2002 Aachen<\/td>\n<\/tr>\n<tr>\n<td valign=\"top\" width=\"359\"><strong>Geboren:<\/strong> 1999<\/td>\n<td valign=\"top\" width=\"359\"><strong>Leistungspr\u00fcfung: <\/strong>2003 M\u00fcnster-Handorf,<br \/>\n30 TT, WN 7,4 (Rang 16\/25)<em><br \/>\n<\/em><\/td>\n<\/tr>\n<tr>\n<td valign=\"top\" width=\"359\"><strong>Stockma\u00df: <\/strong>135 cm<\/td>\n<td valign=\"top\" width=\"359\"><strong>Tr\u00e4ger des Creme-Faktors:<\/strong> nein<\/td>\n<\/tr>\n<tr>\n<td valign=\"top\" width=\"359\"><strong>R\u00f6hrbein: <\/strong>17 cm<strong><br \/>\n<\/strong><\/td>\n<td valign=\"top\" width=\"359\"><strong>Tr\u00e4ger des Fuchsgens:<\/strong> unbekannt<\/td>\n<\/tr>\n<tr>\n<td valign=\"top\" width=\"359\"><strong style=\"line-height: 24px;\">Deckbedingungen: <\/strong>auf Anfrage<\/td>\n<td valign=\"top\" width=\"359\"><strong>Decktaxe:<\/strong> auf Anfrage<\/td>\n<\/tr>\n<tr>\n<td valign=\"top\" width=\"359\"><img loading=\"lazy\" decoding=\"async\" class=\"alignnone size-full wp-image-232\" src=\"https:\/\/www.cpv-ev.com\/wp-content\/uploads\/2012\/07\/trans240x10.gif\" alt=\"trans240x10\" width=\"240\" height=\"10\" srcset=\"https:\/\/www.cpv-ev.com\/wp-content\/uploads\/2012\/07\/trans240x10.gif 240w, https:\/\/www.cpv-ev.com\/wp-content\/uploads\/2012\/07\/trans240x10-225x10.gif 225w\" sizes=\"auto, (max-width: 240px) 100vw, 240px\" \/><\/td>\n<td valign=\"top\" width=\"359\"><\/td>\n<\/tr>\n<tr>\n<td valign=\"top\" width=\"359\"><strong>Gek\u00f6rte S\u00f6hne: <\/strong>bisher keine<\/td>\n<td valign=\"top\" width=\"359\"><strong>Eingetragene Stuten:<\/strong> &#8211;<strong><br \/>\n<\/strong><\/td>\n<\/tr>\n<tr>\n<td valign=\"top\" width=\"359\"><\/td>\n<td valign=\"top\" width=\"359\"><strong>davon StPrSt: <\/strong>&#8211;<strong><br \/>\n<\/strong><\/td>\n<\/tr>\n<tr>\n<td valign=\"top\" width=\"359\"><img loading=\"lazy\" decoding=\"async\" src=\"https:\/\/www.cpv-ev.com\/wp-content\/uploads\/2012\/07\/trans240x10.gif\" alt=\"trans240x10\" width=\"240\" height=\"10\" \/><\/td>\n<td valign=\"top\" width=\"359\"><\/td>\n<\/tr>\n<tr>\n<td valign=\"top\" width=\"359\"><strong>Lebensgewinnsumme:<\/strong> 89 EUR<br \/>\n<strong>FN-Register:<\/strong> Giron 23<img loading=\"lazy\" decoding=\"async\" class=\"alignnone size-full wp-image-232\" title=\"trans240x10\" src=\"https:\/\/www.cpv-ev.com\/wp-content\/uploads\/2012\/07\/trans240x10.gif\" alt=\"\" width=\"100\" height=\"20\" \/><\/td>\n<td valign=\"top\" width=\"359\"><strong>Nachkommen-LGS: <\/strong>1.073 EUR (2022)<\/td>\n<\/tr>\n<tr>\n<td colspan=\"2\" valign=\"top\" width=\"717\"><img loading=\"lazy\" decoding=\"async\" src=\"https:\/\/www.cpv-ev.com\/wp-content\/uploads\/2012\/07\/trans240x10.gif\" alt=\"trans240x10\" width=\"240\" height=\"10\" \/><\/td>\n<\/tr>\n<tr>\n<td colspan=\"2\" valign=\"top\" width=\"717\"><strong>Z\u00fcchter &amp; <strong>Besitzer<\/strong>:<\/strong>\u00a0Dr. Johannes Karduck, Ackerweg 1, 56729 Mimbach<\/td>\n<\/tr>\n<tr>\n<td valign=\"top\" width=\"359\">Telefon: 02656-1443<\/td>\n<td valign=\"top\" width=\"359\">Mobil:<\/td>\n<\/tr>\n<tr>\n<td valign=\"top\" width=\"307\">Email: <a href=\"mailto:reiterpension-karduck@outlook.de\">reiterpension-karduck@outlook.de<\/a><em><strong><br \/>\n<\/strong><\/em><\/td>\n<td valign=\"top\" width=\"307\">Website: <a href=\"https:\/\/www.reiterpension-karduck.de\" target=\"_blank\" rel=\"noopener noreferrer\">www.reiterpension-karduck.de<\/a><a href=\"www.gelerht-connemara.de\" target=\"_blank\" rel=\"noopener noreferrer\"><br \/>\n<\/a><\/td>\n<\/tr>\n<\/tbody>\n<\/table>\n<h5>Pedigree<\/h5>\n<p><img loading=\"lazy\" decoding=\"async\" class=\"alignnone size-full wp-image-1840\" title=\"Giron\" src=\"https:\/\/www.cpv-ev.com\/wp-content\/uploads\/2012\/07\/giron_ped.jpg\" alt=\"\" width=\"685\" height=\"312\" srcset=\"https:\/\/www.cpv-ev.com\/wp-content\/uploads\/2012\/07\/giron_ped.jpg 685w, https:\/\/www.cpv-ev.com\/wp-content\/uploads\/2012\/07\/giron_ped-241x110.jpg 241w, https:\/\/www.cpv-ev.com\/wp-content\/uploads\/2012\/07\/giron_ped-300x136.jpg 300w, https:\/\/www.cpv-ev.com\/wp-content\/uploads\/2012\/07\/giron_ped-500x227.jpg 500w, https:\/\/www.cpv-ev.com\/wp-content\/uploads\/2012\/07\/giron_ped-680x310.jpg 680w\" sizes=\"auto, (max-width: 685px) 100vw, 685px\" \/><\/p>\n<p><img loading=\"lazy\" decoding=\"async\" src=\"https:\/\/www.cpv-ev.com\/wp-content\/uploads\/2012\/07\/trans240x10.gif\" alt=\"trans240x10\" width=\"240\" height=\"10\" \/><\/p>\n<h5>Galerie<\/h5>\n<p><a href=\"https:\/\/www.cpv-ev.com\/wp-content\/uploads\/2012\/07\/Giron.jpg\"><img loading=\"lazy\" decoding=\"async\" class=\"alignnone size-thumbnail wp-image-1229\" title=\"Giron\" src=\"https:\/\/www.cpv-ev.com\/wp-content\/uploads\/2012\/07\/Giron-150x110.jpg\" alt=\"\" width=\"150\" height=\"110\" \/> <\/a><a href=\"https:\/\/www.cpv-ev.com\/wp-content\/uploads\/2021\/02\/Giron.jpg\"><img loading=\"lazy\" decoding=\"async\" class=\"alignnone size-thumbnail wp-image-26350\" src=\"https:\/\/www.cpv-ev.com\/wp-content\/uploads\/2021\/02\/Giron-158x110.jpg\" alt=\"\" width=\"158\" height=\"110\" srcset=\"https:\/\/www.cpv-ev.com\/wp-content\/uploads\/2021\/02\/Giron-158x110.jpg 158w, https:\/\/www.cpv-ev.com\/wp-content\/uploads\/2021\/02\/Giron-300x209.jpg 300w, https:\/\/www.cpv-ev.com\/wp-content\/uploads\/2021\/02\/Giron-500x349.jpg 500w, https:\/\/www.cpv-ev.com\/wp-content\/uploads\/2021\/02\/Giron-768x536.jpg 768w, https:\/\/www.cpv-ev.com\/wp-content\/uploads\/2021\/02\/Giron.jpg 807w\" sizes=\"auto, (max-width: 158px) 100vw, 158px\" \/><\/a><\/p>\n<h5>Nachkommen<\/h5>\n\n<table id=\"tablepress-18\" class=\"tablepress tablepress-id-18 mtr-table mtr-thead-th\">\n<thead>\n<tr class=\"row-1\">\n\t<th class=\"column-1 mtr-th-tag\" data-mtr-content=\"FOTO\"><div class=\"mtr-cell-content\">FOTO<\/div><\/th><th class=\"column-2 mtr-th-tag\" data-mtr-content=\"NAME\"><div class=\"mtr-cell-content\">NAME<\/div><\/th><th class=\"column-3 mtr-th-tag\" data-mtr-content=\"JAHR\"><div class=\"mtr-cell-content\">JAHR<\/div><\/th><th class=\"column-4 mtr-th-tag\" data-mtr-content=\"VATER\"><div class=\"mtr-cell-content\">VATER<\/div><\/th><th class=\"column-5 mtr-th-tag\" data-mtr-content=\"MUTTER\"><div class=\"mtr-cell-content\">MUTTER<\/div><\/th><th class=\"column-6 mtr-th-tag\" data-mtr-content=\"Z\u00dcCHTER\"><div class=\"mtr-cell-content\">Z\u00dcCHTER<\/div><\/th>\n<\/tr>\n<\/thead>\n<tbody class=\"row-striping row-hover\">\n<tr class=\"row-2\">\n\t<td class=\"column-1 mtr-td-tag\" data-mtr-content=\"FOTO\"><div class=\"mtr-cell-content\"><\/div><\/td><td class=\"column-2 mtr-td-tag\" data-mtr-content=\"NAME\"><div class=\"mtr-cell-content\"><b>GERSHWIN<\/b><br>GERSHWIN 101 (FN)<br>DE443430183108<br>LGS 1.073 EUR (2021)<br><br>PARTBRED 50%<br>Wallach<br>Braun<br>2008<br><br><\/div><\/td><td class=\"column-3 mtr-td-tag\" data-mtr-content=\"JAHR\"><div class=\"mtr-cell-content\">2008<\/div><\/td><td class=\"column-4 mtr-td-tag\" data-mtr-content=\"VATER\"><div class=\"mtr-cell-content\">Giron<\/div><\/td><td class=\"column-5 mtr-td-tag\" data-mtr-content=\"MUTTER\"><div class=\"mtr-cell-content\">Touch Me (DR)<br>v. Nordstar (DR)<\/div><\/td><td class=\"column-6 mtr-td-tag\" data-mtr-content=\"Z\u00dcCHTER\"><div class=\"mtr-cell-content\">Dr. Johannes Karduck<br>56729 Mimbach<br><\/div><\/td>\n<\/tr>\n<\/tbody>\n<\/table>\n\n","protected":false},"excerpt":{"rendered":"<p>Farbe: Braun Hengstbuch: Rheinland HB I K\u00f6rung: 04.04.2002 Aachen Geboren: 1999 Leistungspr\u00fcfung: 2003 M\u00fcnster-Handorf, 30 TT, WN 7,4 (Rang 16\/25) Stockma\u00df: 135 cm Tr\u00e4ger des Creme-Faktors: nein R\u00f6hrbein: 17 cm Tr\u00e4ger des Fuchsgens: unbekannt Deckbedingungen: auf Anfrage Decktaxe: auf Anfrage <a class=\"more-link\" href=\"https:\/\/www.cpv-ev.com\/?page_id=421\"><span class=\"screen-reader-text\">  Giron<\/span> weiterlesen<span class=\"meta-nav\">&rarr;<\/span><\/a><\/p>\n","protected":false},"author":1,"featured_media":0,"parent":97,"menu_order":0,"comment_status":"closed","ping_status":"open","template":"","meta":{"ngg_post_thumbnail":0,"footnotes":""},"class_list":["post-421","page","type-page","status-publish","hentry"],"_links":{"self":[{"href":"https:\/\/www.cpv-ev.com\/index.php?rest_route=\/wp\/v2\/pages\/421","targetHints":{"allow":["GET"]}}],"collection":[{"href":"https:\/\/www.cpv-ev.com\/index.php?rest_route=\/wp\/v2\/pages"}],"about":[{"href":"https:\/\/www.cpv-ev.com\/index.php?rest_route=\/wp\/v2\/types\/page"}],"author":[{"embeddable":true,"href":"https:\/\/www.cpv-ev.com\/index.php?rest_route=\/wp\/v2\/users\/1"}],"replies":[{"embeddable":true,"href":"https:\/\/www.cpv-ev.com\/index.php?rest_route=%2Fwp%2Fv2%2Fcomments&post=421"}],"version-history":[{"count":0,"href":"https:\/\/www.cpv-ev.com\/index.php?rest_route=\/wp\/v2\/pages\/421\/revisions"}],"up":[{"embeddable":true,"href":"https:\/\/www.cpv-ev.com\/index.php?rest_route=\/wp\/v2\/pages\/97"}],"wp:attachment":[{"href":"https:\/\/www.cpv-ev.com\/index.php?rest_route=%2Fwp%2Fv2%2Fmedia&parent=421"}],"curies":[{"name":"wp","href":"https:\/\/api.w.org\/{rel}","templated":true}]}}