{"id":28021,"date":"2023-11-13T15:33:15","date_gmt":"2023-11-13T13:33:15","guid":{"rendered":"https:\/\/www.cpv-ev.com\/?page_id=28021"},"modified":"2026-04-23T13:54:55","modified_gmt":"2026-04-23T11:54:55","slug":"hagelunds-griffin","status":"publish","type":"page","link":"https:\/\/www.cpv-ev.com\/?page_id=28021","title":{"rendered":"Hagelunds Griffinn"},"content":{"rendered":"<table border=\"1\" cellspacing=\"0\" cellpadding=\"0\">\n<tbody>\n<tr>\n<td colspan=\"2\" valign=\"top\" width=\"717\"><img loading=\"lazy\" decoding=\"async\" src=\"https:\/\/www.cpv-ev.com\/wp-content\/uploads\/2012\/07\/trans240x10.gif\" alt=\"trans240x10\" width=\"240\" height=\"10\"><\/td>\n<\/tr>\n<tr>\n<td valign=\"top\" width=\"359\"><strong>Farbe:<\/strong> Dunkelfuchs<br \/>\n<strong>Geburtsfarbe:<\/strong> &#8211;<\/td>\n<td valign=\"top\" width=\"359\"><strong>Hengstbuch:<\/strong> Schleswig-Holstein HB I<br \/>\n<strong>K\u00f6rung:<\/strong> 04.02.2023 Neum\u00fcnster<\/td>\n<\/tr>\n<tr>\n<td valign=\"top\" width=\"359\"><strong>Geboren:<\/strong> 11.07.2018<\/td>\n<td valign=\"top\" width=\"359\"><strong>Leistungspr\u00fcfung: <\/strong>2022 M\u00fcnster-Handorf,<br \/>\n30 TT, Note 7,13 (Rang 15\/16)<strong><br \/>\n<\/strong><\/td>\n<\/tr>\n<tr>\n<td valign=\"top\" width=\"359\"><strong>Stockma\u00df: <\/strong>146 cm<\/td>\n<td valign=\"top\" width=\"359\"><strong>Tr\u00e4ger des Creme-Faktors:<\/strong> nein<\/td>\n<\/tr>\n<tr>\n<td valign=\"top\" width=\"359\"><strong>R\u00f6hrbein: <\/strong>20 cm<strong><br \/>\n<\/strong><\/td>\n<td valign=\"top\" width=\"359\"><strong>Tr\u00e4ger des Fuchsgens:<\/strong> ja<\/td>\n<\/tr>\n<tr>\n<td valign=\"top\" width=\"359\"><strong>Ausgeschieden:<\/strong> 2023 eingegangen<\/td>\n<td valign=\"top\" width=\"359\">&nbsp;<\/td>\n<\/tr>\n<tr>\n<td valign=\"top\" width=\"359\"><strong style=\"line-height: 24px;\">HWSD-Status: <\/strong>N\/N Eltern frei<strong style=\"line-height: 24px;\"><br \/>\n<\/strong><\/td>\n<\/tr>\n<tr>\n<td valign=\"top\" width=\"359\"><img loading=\"lazy\" decoding=\"async\" class=\"alignnone size-full wp-image-232\" src=\"https:\/\/www.cpv-ev.com\/wp-content\/uploads\/2012\/07\/trans240x10.gif\" alt=\"trans240x10\" width=\"240\" height=\"10\" srcset=\"https:\/\/www.cpv-ev.com\/wp-content\/uploads\/2012\/07\/trans240x10.gif 240w, https:\/\/www.cpv-ev.com\/wp-content\/uploads\/2012\/07\/trans240x10-225x10.gif 225w\" sizes=\"auto, (max-width: 240px) 100vw, 240px\" \/><\/td>\n<td valign=\"top\" width=\"359\">&nbsp;<\/td>\n<\/tr>\n<tr>\n<td valign=\"top\" width=\"359\"><strong>Gek\u00f6rte S\u00f6hne: <\/strong>bisher keine<\/td>\n<td valign=\"top\" width=\"359\"><strong>Eingetragene Stuten:<\/strong> &#8211;<strong><br \/>\n<\/strong><\/td>\n<\/tr>\n<tr>\n<td valign=\"top\" width=\"359\">&nbsp;<\/td>\n<td valign=\"top\" width=\"359\"><strong>davon StPrSt: <\/strong>&#8211;<strong><br \/>\n<\/strong><\/td>\n<\/tr>\n<tr>\n<td valign=\"top\" width=\"359\"><img loading=\"lazy\" decoding=\"async\" src=\"https:\/\/www.cpv-ev.com\/wp-content\/uploads\/2012\/07\/trans240x10.gif\" alt=\"trans240x10\" width=\"240\" height=\"10\"><\/td>\n<td valign=\"top\" width=\"359\">&nbsp;<\/td>\n<\/tr>\n<tr>\n<td valign=\"top\" width=\"359\"><strong>Lebensgewinnsumme:<\/strong> &#8211;<img loading=\"lazy\" decoding=\"async\" class=\"alignnone size-full wp-image-232\" title=\"trans240x10\" src=\"https:\/\/www.cpv-ev.com\/wp-content\/uploads\/2012\/07\/trans240x10.gif\" alt=\"\" width=\"100\" height=\"20\"><\/td>\n<td valign=\"top\" width=\"359\"><strong>Nachkommen-LGS: <\/strong>&#8211;<strong><br \/>\n<\/strong><\/td>\n<\/tr>\n<tr>\n<td colspan=\"2\" valign=\"top\" width=\"717\"><img loading=\"lazy\" decoding=\"async\" src=\"https:\/\/www.cpv-ev.com\/wp-content\/uploads\/2012\/07\/trans240x10.gif\" alt=\"trans240x10\" width=\"240\" height=\"10\"><\/td>\n<\/tr>\n<tr>\n<td colspan=\"2\" valign=\"top\" width=\"717\"><strong><strong>Z\u00fcchter: <\/strong><\/strong>Maria Roimola, Stall Hagelund, Loviisa, Finnland<strong><strong><br \/>\n<\/strong><\/strong><strong>Besitzer: <\/strong>Anja Bornh\u00f6ft-Lejon, Borghorst Connemaras, Am Gutshof 1, 24251 Borghorst<\/td>\n<\/tr>\n<tr>\n<td valign=\"top\" width=\"359\">&nbsp;<\/td>\n<td valign=\"top\" width=\"359\">&nbsp;<\/td>\n<\/tr>\n<tr>\n<td valign=\"top\" width=\"307\">&nbsp;<\/td>\n<td valign=\"top\" width=\"307\">&nbsp;<\/td>\n<\/tr>\n<\/tbody>\n<\/table>\n<h5>Pedigree<\/h5>\n<p><a href=\"https:\/\/www.cpv-ev.com\/wp-content\/uploads\/2023\/11\/5194F35B-7AF6-4B3E-91C2-7D7AF3B5EC03.jpg\"><img loading=\"lazy\" decoding=\"async\" class=\" wp-image-28074 alignnone\" src=\"https:\/\/www.cpv-ev.com\/wp-content\/uploads\/2023\/11\/5194F35B-7AF6-4B3E-91C2-7D7AF3B5EC03-241x110.jpg\" alt=\"\" width=\"654\" height=\"299\" srcset=\"https:\/\/www.cpv-ev.com\/wp-content\/uploads\/2023\/11\/5194F35B-7AF6-4B3E-91C2-7D7AF3B5EC03-241x110.jpg 241w, https:\/\/www.cpv-ev.com\/wp-content\/uploads\/2023\/11\/5194F35B-7AF6-4B3E-91C2-7D7AF3B5EC03-300x137.jpg 300w, https:\/\/www.cpv-ev.com\/wp-content\/uploads\/2023\/11\/5194F35B-7AF6-4B3E-91C2-7D7AF3B5EC03-500x228.jpg 500w, https:\/\/www.cpv-ev.com\/wp-content\/uploads\/2023\/11\/5194F35B-7AF6-4B3E-91C2-7D7AF3B5EC03.jpg 680w\" sizes=\"auto, (max-width: 654px) 100vw, 654px\" \/><\/a><\/p>\n<h5>Galerie<\/h5>\n<p><a href=\"https:\/\/www.cpv-ev.com\/wp-content\/uploads\/2023\/11\/IMG_1070-e1699992467733.jpg\"><img loading=\"lazy\" decoding=\"async\" class=\"alignnone size-thumbnail wp-image-28075\" src=\"https:\/\/www.cpv-ev.com\/wp-content\/uploads\/2023\/11\/IMG_1070-e1699992404902-82x110.jpg\" alt=\"\" width=\"82\" height=\"110\"><\/a>&nbsp; <a href=\"https:\/\/www.cpv-ev.com\/wp-content\/uploads\/2023\/11\/IMG_1069-e1699992155306.jpg\"><img loading=\"lazy\" decoding=\"async\" class=\"alignnone size-thumbnail wp-image-28029\" src=\"https:\/\/www.cpv-ev.com\/wp-content\/uploads\/2023\/11\/IMG_1069-147x110.jpg\" alt=\"\" width=\"147\" height=\"110\"><\/a>&nbsp; <a href=\"https:\/\/www.cpv-ev.com\/wp-content\/uploads\/2023\/11\/IMG_1068-e1699992204155.jpg\"><img loading=\"lazy\" decoding=\"async\" class=\"alignnone size-thumbnail wp-image-28028\" src=\"https:\/\/www.cpv-ev.com\/wp-content\/uploads\/2023\/11\/IMG_1068-147x110.jpg\" alt=\"\" width=\"147\" height=\"110\"><\/a>&nbsp; <a href=\"https:\/\/www.cpv-ev.com\/wp-content\/uploads\/2023\/11\/IMG_1093-e1699992008942.jpg\"><img loading=\"lazy\" decoding=\"async\" class=\"alignnone size-thumbnail wp-image-28069\" src=\"https:\/\/www.cpv-ev.com\/wp-content\/uploads\/2023\/11\/IMG_1093-168x110.jpg\" alt=\"\" width=\"168\" height=\"110\"><\/a>&nbsp; <a href=\"https:\/\/www.cpv-ev.com\/wp-content\/uploads\/2023\/11\/IMG_1094-e1699991958782.jpg\"><img loading=\"lazy\" decoding=\"async\" class=\"alignnone size-thumbnail wp-image-28070\" src=\"https:\/\/www.cpv-ev.com\/wp-content\/uploads\/2023\/11\/IMG_1094-160x110.jpg\" alt=\"\" width=\"160\" height=\"110\"><\/a>&nbsp; <a href=\"https:\/\/www.cpv-ev.com\/wp-content\/uploads\/2023\/11\/IMG_1095-e1699991885557.jpg\"><img loading=\"lazy\" decoding=\"async\" class=\"alignnone size-thumbnail wp-image-28071\" src=\"https:\/\/www.cpv-ev.com\/wp-content\/uploads\/2023\/11\/IMG_1095-165x110.jpg\" alt=\"\" width=\"165\" height=\"110\">&nbsp; <\/a><a href=\"https:\/\/www.cpv-ev.com\/wp-content\/uploads\/2023\/11\/IMG_1096-e1699991838798.jpg\"><img loading=\"lazy\" decoding=\"async\" class=\"alignnone size-thumbnail wp-image-28072\" src=\"https:\/\/www.cpv-ev.com\/wp-content\/uploads\/2023\/11\/IMG_1096-155x110.jpg\" alt=\"\" width=\"155\" height=\"110\"> &nbsp;<\/a><a href=\"https:\/\/www.cpv-ev.com\/wp-content\/uploads\/2023\/11\/IMG_1097-e1699991747971.jpg\"><img loading=\"lazy\" decoding=\"async\" class=\"alignnone size-thumbnail wp-image-28073\" src=\"https:\/\/www.cpv-ev.com\/wp-content\/uploads\/2023\/11\/IMG_1097-172x110.jpg\" alt=\"\" width=\"172\" height=\"110\"><\/a><\/p>\n<h5>Nachkommen<\/h5>\n\n<table id=\"tablepress-18\" class=\"tablepress tablepress-id-18\">\n<thead>\n<tr class=\"row-1\">\n\t<th class=\"column-1\">FOTO<\/th><th class=\"column-2\">NAME<\/th><th class=\"column-3\">JAHR<\/th><th class=\"column-4\">VATER<\/th><th class=\"column-5\">MUTTER<\/th><th class=\"column-6\">Z\u00dcCHTER<\/th>\n<\/tr>\n<\/thead>\n<tbody class=\"row-striping row-hover\">\n<\/tbody>\n<\/table>\n<!-- #tablepress-18 from cache -->\n","protected":false},"excerpt":{"rendered":"<p>Farbe: Dunkelfuchs Geburtsfarbe: &#8211; Hengstbuch: Schleswig-Holstein HB I K\u00f6rung: 04.02.2023 Neum\u00fcnster Geboren: 11.07.2018 Leistungspr\u00fcfung: 2022 M\u00fcnster-Handorf, 30 TT, Note 7,13 (Rang 15\/16) Stockma\u00df: 146 cm Tr\u00e4ger des Creme-Faktors: nein R\u00f6hrbein: 20 cm Tr\u00e4ger des Fuchsgens: ja Ausgeschieden: 2023 eingegangen &nbsp; <a class=\"more-link\" href=\"https:\/\/www.cpv-ev.com\/?page_id=28021\"><span class=\"screen-reader-text\">  Hagelunds Griffinn<\/span> weiterlesen<span class=\"meta-nav\">&rarr;<\/span><\/a><\/p>\n","protected":false},"author":5,"featured_media":0,"parent":11815,"menu_order":0,"comment_status":"closed","ping_status":"closed","template":"","meta":{"ngg_post_thumbnail":0,"footnotes":""},"class_list":["post-28021","page","type-page","status-publish","hentry"],"_links":{"self":[{"href":"https:\/\/www.cpv-ev.com\/index.php?rest_route=\/wp\/v2\/pages\/28021","targetHints":{"allow":["GET"]}}],"collection":[{"href":"https:\/\/www.cpv-ev.com\/index.php?rest_route=\/wp\/v2\/pages"}],"about":[{"href":"https:\/\/www.cpv-ev.com\/index.php?rest_route=\/wp\/v2\/types\/page"}],"author":[{"embeddable":true,"href":"https:\/\/www.cpv-ev.com\/index.php?rest_route=\/wp\/v2\/users\/5"}],"replies":[{"embeddable":true,"href":"https:\/\/www.cpv-ev.com\/index.php?rest_route=%2Fwp%2Fv2%2Fcomments&post=28021"}],"version-history":[{"count":1,"href":"https:\/\/www.cpv-ev.com\/index.php?rest_route=\/wp\/v2\/pages\/28021\/revisions"}],"predecessor-version":[{"id":30133,"href":"https:\/\/www.cpv-ev.com\/index.php?rest_route=\/wp\/v2\/pages\/28021\/revisions\/30133"}],"up":[{"embeddable":true,"href":"https:\/\/www.cpv-ev.com\/index.php?rest_route=\/wp\/v2\/pages\/11815"}],"wp:attachment":[{"href":"https:\/\/www.cpv-ev.com\/index.php?rest_route=%2Fwp%2Fv2%2Fmedia&parent=28021"}],"curies":[{"name":"wp","href":"https:\/\/api.w.org\/{rel}","templated":true}]}}