{"id":27379,"date":"2022-03-08T14:20:24","date_gmt":"2022-03-08T12:20:24","guid":{"rendered":"https:\/\/www.cpv-ev.com\/?page_id=27379"},"modified":"2026-04-29T10:22:12","modified_gmt":"2026-04-29T08:22:12","slug":"chico","status":"publish","type":"page","link":"https:\/\/www.cpv-ev.com\/?page_id=27379","title":{"rendered":"Chico"},"content":{"rendered":"<table border=\"1\" cellspacing=\"0\" cellpadding=\"0\">\n<tbody>\n<tr>\n<td colspan=\"2\" valign=\"top\" width=\"717\"><img loading=\"lazy\" decoding=\"async\" src=\"https:\/\/www.cpv-ev.com\/wp-content\/uploads\/2012\/07\/trans240x10.gif\" alt=\"trans240x10\" width=\"240\" height=\"10\"><\/td>\n<\/tr>\n<tr>\n<td valign=\"top\" width=\"359\"><strong>Farbe:<\/strong> Dunkelbraun<\/td>\n<td valign=\"top\" width=\"359\"><strong>Hengstbuch:<\/strong> ZfdP HB II<br \/>\n<strong>Eintragung: <\/strong>2021 Hoftermin<strong><br \/>\n<\/strong><\/td>\n<\/tr>\n<tr>\n<td valign=\"top\" width=\"359\"><strong>Geboren:<\/strong> 08.05.2016<\/td>\n<td valign=\"top\" width=\"359\"><strong>Leistungspr\u00fcfung: <\/strong>bisher keine<strong><br \/>\n<\/strong><\/td>\n<\/tr>\n<tr>\n<td valign=\"top\" width=\"359\"><strong>Stockma\u00df:&nbsp;<\/strong><\/td>\n<td valign=\"top\" width=\"359\"><strong>Tr\u00e4ger des Creme-Faktors:<\/strong> nein<\/td>\n<\/tr>\n<tr>\n<td valign=\"top\" width=\"359\"><strong>R\u00f6hrbein: <\/strong><strong><br \/>\n<\/strong><\/td>\n<td valign=\"top\" width=\"359\"><strong>Tr\u00e4ger des Fuchsgens:<\/strong> unbekannt<\/td>\n<\/tr>\n<tr>\n<td valign=\"top\" width=\"359\"><strong style=\"line-height: 24px;\">Ausgeschieden:&nbsp;<\/strong>2025 Zuchtaufgabe<\/td>\n<td valign=\"top\" width=\"359\">&nbsp;<\/td>\n<\/tr>\n<tr>\n<td valign=\"top\" width=\"359\"><strong style=\"line-height: 24px;\">HWSD-Status: <\/strong>N\/N mit Abstammungs\u00fcberpr\u00fcfung<strong style=\"line-height: 24px;\"><br \/>\n<\/strong><\/td>\n<td valign=\"top\" width=\"359\">&nbsp;<\/td>\n<\/tr>\n<tr>\n<td valign=\"top\" width=\"359\"><img loading=\"lazy\" decoding=\"async\" class=\"alignnone size-full wp-image-232\" src=\"https:\/\/www.cpv-ev.com\/wp-content\/uploads\/2012\/07\/trans240x10.gif\" alt=\"trans240x10\" width=\"240\" height=\"10\" srcset=\"https:\/\/www.cpv-ev.com\/wp-content\/uploads\/2012\/07\/trans240x10.gif 240w, https:\/\/www.cpv-ev.com\/wp-content\/uploads\/2012\/07\/trans240x10-225x10.gif 225w\" sizes=\"auto, (max-width: 240px) 100vw, 240px\" \/><\/td>\n<td valign=\"top\" width=\"359\">&nbsp;<\/td>\n<\/tr>\n<tr>\n<td valign=\"top\" width=\"359\"><strong>Gek\u00f6rte S\u00f6hne: <\/strong>Violamboss CX Artax<\/td>\n<td valign=\"top\" width=\"359\"><strong>Eingetragene Stuten:<\/strong> &#8211;<strong><br \/>\n<\/strong><\/td>\n<\/tr>\n<tr>\n<td valign=\"top\" width=\"359\">&nbsp;<\/td>\n<td valign=\"top\" width=\"359\"><strong>davon StPrSt: <\/strong>&#8211;<strong><br \/>\n<\/strong><\/td>\n<\/tr>\n<tr>\n<td valign=\"top\" width=\"359\"><img loading=\"lazy\" decoding=\"async\" src=\"https:\/\/www.cpv-ev.com\/wp-content\/uploads\/2012\/07\/trans240x10.gif\" alt=\"trans240x10\" width=\"240\" height=\"10\"><\/td>\n<td valign=\"top\" width=\"359\">&nbsp;<\/td>\n<\/tr>\n<tr>\n<td valign=\"top\" width=\"359\"><strong>Lebensgewinnsumme:<\/strong> &#8211;<img loading=\"lazy\" decoding=\"async\" class=\"alignnone size-full wp-image-232\" title=\"trans240x10\" src=\"https:\/\/www.cpv-ev.com\/wp-content\/uploads\/2012\/07\/trans240x10.gif\" alt=\"\" width=\"100\" height=\"20\"><\/td>\n<td valign=\"top\" width=\"359\"><strong>Nachkommen-LGS: <\/strong>&#8211;<strong><br \/>\n<\/strong><\/td>\n<\/tr>\n<tr>\n<td colspan=\"2\" valign=\"top\" width=\"717\"><img loading=\"lazy\" decoding=\"async\" src=\"https:\/\/www.cpv-ev.com\/wp-content\/uploads\/2012\/07\/trans240x10.gif\" alt=\"trans240x10\" width=\"240\" height=\"10\"><\/td>\n<\/tr>\n<tr>\n<td colspan=\"2\" valign=\"top\" width=\"717\"><strong><strong>Z\u00fcchter: <\/strong><\/strong>Alois Hofmann, Eichendorffstr. 4, 97522 Sand<\/p>\n<p><strong>Besitzer: <\/strong>Anke Lange-Sch\u00fctt, 21444 Vierh\u00f6fen<\/td>\n<\/tr>\n<tr>\n<td valign=\"top\" width=\"359\">&nbsp;<\/td>\n<td valign=\"top\" width=\"359\">&nbsp;<\/td>\n<\/tr>\n<tr>\n<td valign=\"top\" width=\"307\">&nbsp;<\/td>\n<td valign=\"top\" width=\"307\">&nbsp;<\/td>\n<\/tr>\n<\/tbody>\n<\/table>\n<h5>Pedigree<\/h5>\n<p><a href=\"https:\/\/www.cpv-ev.com\/wp-content\/uploads\/2022\/03\/Chico-Ped.jpg\"><img loading=\"lazy\" decoding=\"async\" class=\"alignnone size-full wp-image-27525\" src=\"https:\/\/www.cpv-ev.com\/wp-content\/uploads\/2022\/03\/Chico-Ped.jpg\" alt=\"\" width=\"680\" height=\"310\" srcset=\"https:\/\/www.cpv-ev.com\/wp-content\/uploads\/2022\/03\/Chico-Ped.jpg 680w, https:\/\/www.cpv-ev.com\/wp-content\/uploads\/2022\/03\/Chico-Ped-300x137.jpg 300w, https:\/\/www.cpv-ev.com\/wp-content\/uploads\/2022\/03\/Chico-Ped-500x228.jpg 500w, https:\/\/www.cpv-ev.com\/wp-content\/uploads\/2022\/03\/Chico-Ped-241x110.jpg 241w\" sizes=\"auto, (max-width: 680px) 100vw, 680px\" \/><\/a><br \/>\n<img loading=\"lazy\" decoding=\"async\" src=\"https:\/\/www.cpv-ev.com\/wp-content\/uploads\/2012\/07\/trans240x10.gif\" alt=\"trans240x10\" width=\"240\" height=\"10\"><\/p>\n<h5>Galerie<\/h5>\n<p><a href=\"https:\/\/www.cpv-ev.com\/wp-content\/uploads\/2023\/11\/Chico-01-e1699998595811.jpg\"><img loading=\"lazy\" decoding=\"async\" class=\"alignnone size-thumbnail wp-image-28099\" src=\"https:\/\/www.cpv-ev.com\/wp-content\/uploads\/2023\/11\/Chico-01-147x110.jpg\" alt=\"\" width=\"147\" height=\"110\"><\/a><\/p>\n<h5>Nachkommen<\/h5>\n\n<table id=\"tablepress-18\" class=\"tablepress tablepress-id-18\">\n<thead>\n<tr class=\"row-1\">\n\t<th class=\"column-1\">FOTO<\/th><th class=\"column-2\">NAME<\/th><th class=\"column-3\">JAHR<\/th><th class=\"column-4\">VATER<\/th><th class=\"column-5\">MUTTER<\/th><th class=\"column-6\">Z\u00dcCHTER<\/th>\n<\/tr>\n<\/thead>\n<tbody class=\"row-striping row-hover\">\n<\/tbody>\n<\/table>\n<!-- #tablepress-18 from cache -->\n","protected":false},"excerpt":{"rendered":"<p>Farbe: Dunkelbraun Hengstbuch: ZfdP HB II Eintragung: 2021 Hoftermin Geboren: 08.05.2016 Leistungspr\u00fcfung: bisher keine Stockma\u00df:&nbsp; Tr\u00e4ger des Creme-Faktors: nein R\u00f6hrbein: Tr\u00e4ger des Fuchsgens: unbekannt Ausgeschieden:&nbsp;2025 Zuchtaufgabe &nbsp; HWSD-Status: N\/N mit Abstammungs\u00fcberpr\u00fcfung &nbsp; &nbsp; Gek\u00f6rte S\u00f6hne: Violamboss CX Artax Eingetragene Stuten: <a class=\"more-link\" href=\"https:\/\/www.cpv-ev.com\/?page_id=27379\"><span class=\"screen-reader-text\">  Chico<\/span> weiterlesen<span class=\"meta-nav\">&rarr;<\/span><\/a><\/p>\n","protected":false},"author":2,"featured_media":0,"parent":11809,"menu_order":0,"comment_status":"closed","ping_status":"closed","template":"","meta":{"ngg_post_thumbnail":0,"footnotes":""},"class_list":["post-27379","page","type-page","status-publish","hentry"],"_links":{"self":[{"href":"https:\/\/www.cpv-ev.com\/index.php?rest_route=\/wp\/v2\/pages\/27379","targetHints":{"allow":["GET"]}}],"collection":[{"href":"https:\/\/www.cpv-ev.com\/index.php?rest_route=\/wp\/v2\/pages"}],"about":[{"href":"https:\/\/www.cpv-ev.com\/index.php?rest_route=\/wp\/v2\/types\/page"}],"author":[{"embeddable":true,"href":"https:\/\/www.cpv-ev.com\/index.php?rest_route=\/wp\/v2\/users\/2"}],"replies":[{"embeddable":true,"href":"https:\/\/www.cpv-ev.com\/index.php?rest_route=%2Fwp%2Fv2%2Fcomments&post=27379"}],"version-history":[{"count":5,"href":"https:\/\/www.cpv-ev.com\/index.php?rest_route=\/wp\/v2\/pages\/27379\/revisions"}],"predecessor-version":[{"id":30300,"href":"https:\/\/www.cpv-ev.com\/index.php?rest_route=\/wp\/v2\/pages\/27379\/revisions\/30300"}],"up":[{"embeddable":true,"href":"https:\/\/www.cpv-ev.com\/index.php?rest_route=\/wp\/v2\/pages\/11809"}],"wp:attachment":[{"href":"https:\/\/www.cpv-ev.com\/index.php?rest_route=%2Fwp%2Fv2%2Fmedia&parent=27379"}],"curies":[{"name":"wp","href":"https:\/\/api.w.org\/{rel}","templated":true}]}}