{"id":27132,"date":"2022-01-23T23:12:21","date_gmt":"2022-01-23T21:12:21","guid":{"rendered":"https:\/\/www.cpv-ev.com\/?page_id=27132"},"modified":"2026-02-18T09:15:29","modified_gmt":"2026-02-18T08:15:29","slug":"ekelys-turning-leaf","status":"publish","type":"page","link":"https:\/\/www.cpv-ev.com\/?page_id=27132","title":{"rendered":"Ekely&#8217;s Turning Leaf"},"content":{"rendered":"<table border=\"1\" cellspacing=\"0\" cellpadding=\"0\">\n<tbody>\n<tr>\n<td colspan=\"2\" valign=\"top\" width=\"717\"><img loading=\"lazy\" decoding=\"async\" src=\"https:\/\/www.cpv-ev.com\/wp-content\/uploads\/2012\/07\/trans240x10.gif\" alt=\"trans240x10\" width=\"240\" height=\"10\"><\/td>\n<\/tr>\n<tr>\n<td valign=\"top\" width=\"359\"><strong>Farbe:<\/strong> Braunroan<\/td>\n<td valign=\"top\" width=\"359\"><strong>Hengstbuch:<\/strong> Rheinland &amp; ZfdP HB I, Leistungshengst<br \/>\n<strong>K\u00f6rung:<\/strong> 14.11.2021 Wickrath<\/td>\n<\/tr>\n<tr>\n<td valign=\"top\" width=\"359\"><strong>Geboren:<\/strong> 2016<\/td>\n<td valign=\"top\" width=\"359\"><strong>Leistungspr\u00fcfung: <\/strong>2021 Neustadt\/Dosse,<strong><br \/>\n<\/strong>30 TT, WN 7,65 (Rang 15\/18)<\/td>\n<\/tr>\n<tr>\n<td valign=\"top\" width=\"359\"><strong>Stockma\u00df: <\/strong>148 cm<\/td>\n<td valign=\"top\" width=\"359\"><strong>Tr\u00e4ger des Creme-Faktors: <\/strong> nein<\/td>\n<\/tr>\n<tr>\n<td valign=\"top\" width=\"359\"><strong>R\u00f6hrbein: <\/strong>20cm<strong><br \/>\n<\/strong><\/td>\n<td valign=\"top\" width=\"359\"><strong>Tr\u00e4ger des Fuchsgens:<\/strong> ja<\/td>\n<\/tr>\n<tr>\n<td valign=\"top\" width=\"359\"><strong style=\"line-height: 24px;\">Deckbedingungen: <\/strong>auf Anfrage<\/td>\n<td valign=\"top\" width=\"359\"><strong>Decktaxe: <\/strong>350\u20ac<\/td>\n<\/tr>\n<tr>\n<td valign=\"top\" width=\"359\"><strong style=\"line-height: 24px;\">HWSD-Status: <\/strong>N\/N mit Abstammungs\u00fcberpr\u00fcfung<strong style=\"line-height: 24px;\"><br \/>\n<\/strong><\/td>\n<td valign=\"top\" width=\"359\"><strong>&nbsp;<\/strong><\/td>\n<\/tr>\n<tr>\n<td valign=\"top\" width=\"359\"><img loading=\"lazy\" decoding=\"async\" class=\"alignnone size-full wp-image-232\" src=\"https:\/\/www.cpv-ev.com\/wp-content\/uploads\/2012\/07\/trans240x10.gif\" alt=\"trans240x10\" width=\"240\" height=\"10\" srcset=\"https:\/\/www.cpv-ev.com\/wp-content\/uploads\/2012\/07\/trans240x10.gif 240w, https:\/\/www.cpv-ev.com\/wp-content\/uploads\/2012\/07\/trans240x10-225x10.gif 225w\" sizes=\"auto, (max-width: 240px) 100vw, 240px\" \/><\/td>\n<td valign=\"top\" width=\"359\">&nbsp;<\/td>\n<\/tr>\n<tr>\n<td valign=\"top\" width=\"359\"><strong>Gek\u00f6rte S\u00f6hne: <\/strong>noch keine<\/td>\n<td valign=\"top\" width=\"359\"><strong>Eingetragene Stuten:<\/strong> &#8211;<strong><br \/>\n<\/strong><\/td>\n<\/tr>\n<tr>\n<td valign=\"top\" width=\"359\">&nbsp;<\/td>\n<td valign=\"top\" width=\"359\"><strong>davon StPrSt: <\/strong>&#8211;<strong><br \/>\n<\/strong><\/td>\n<\/tr>\n<tr>\n<td valign=\"top\" width=\"359\"><img loading=\"lazy\" decoding=\"async\" src=\"https:\/\/www.cpv-ev.com\/wp-content\/uploads\/2012\/07\/trans240x10.gif\" alt=\"trans240x10\" width=\"240\" height=\"10\"><\/td>\n<td valign=\"top\" width=\"359\">&nbsp;<\/td>\n<\/tr>\n<tr>\n<td valign=\"top\" width=\"359\"><strong>Lebensgewinnsumme:<\/strong> &#8211;<img loading=\"lazy\" decoding=\"async\" class=\"alignnone size-full wp-image-232\" title=\"trans240x10\" src=\"https:\/\/www.cpv-ev.com\/wp-content\/uploads\/2012\/07\/trans240x10.gif\" alt=\"\" width=\"100\" height=\"20\"><\/td>\n<td valign=\"top\" width=\"359\"><strong>Nachkommen-LGS: <\/strong>&#8211;<strong><br \/>\n<\/strong><\/td>\n<\/tr>\n<tr>\n<td colspan=\"2\" valign=\"top\" width=\"717\"><img loading=\"lazy\" decoding=\"async\" src=\"https:\/\/www.cpv-ev.com\/wp-content\/uploads\/2012\/07\/trans240x10.gif\" alt=\"trans240x10\" width=\"240\" height=\"10\"><\/td>\n<\/tr>\n<tr>\n<td colspan=\"2\" valign=\"top\" width=\"717\"><strong><strong>Z\u00fcchter: <\/strong><\/strong>Susanne Lehmann, Ekely Connemara Ponys, 26345 Bockhorn<strong><strong><br \/>\n<\/strong><\/strong><strong>Besitzer: <\/strong>Bettina H\u00e4rtel, 45479 M\u00fclheim an der Ruhr<\/td>\n<\/tr>\n<tr>\n<td valign=\"top\" width=\"359\">Telefon: 0208-428995<\/td>\n<td valign=\"top\" width=\"359\">Mobil: 0172-889 64 84<\/td>\n<\/tr>\n<tr>\n<td valign=\"top\" width=\"307\">Email: <a href=\"mailto:bettina.haertel@yahoo.de\">bettina.haertel@yahoo.de<\/a><em><strong><br \/>\n<\/strong><\/em><\/td>\n<td valign=\"top\" width=\"307\">Website:<\/td>\n<\/tr>\n<tr>\n<td colspan=\"2\" valign=\"top\" width=\"717\"><strong><br \/>\n<\/strong><strong>Station 2026: <\/strong>Emma Berthelemot, Elevage d\u00b4After, 36160 Pouligny notre dame, Frankreich<\/td>\n<\/tr>\n<tr>\n<td valign=\"top\" width=\"359\">Telefon: 0637040880<\/td>\n<td valign=\"top\" width=\"359\">Mobil:<\/td>\n<\/tr>\n<tr>\n<td valign=\"top\" width=\"307\">Email: emma.berthelemot@gmail.com<\/td>\n<td valign=\"top\" width=\"307\">Website:<\/td>\n<\/tr>\n<\/tbody>\n<\/table>\n<h5>Pedigree<\/h5>\n<p><a href=\"https:\/\/www.cpv-ev.com\/wp-content\/uploads\/2022\/02\/Ekelys-Turning-Leaf-PedN.jpg\"><img loading=\"lazy\" decoding=\"async\" class=\"alignnone size-full wp-image-27355\" src=\"https:\/\/www.cpv-ev.com\/wp-content\/uploads\/2022\/02\/Ekelys-Turning-Leaf-PedN.jpg\" alt=\"\" width=\"680\" height=\"308\" srcset=\"https:\/\/www.cpv-ev.com\/wp-content\/uploads\/2022\/02\/Ekelys-Turning-Leaf-PedN.jpg 680w, https:\/\/www.cpv-ev.com\/wp-content\/uploads\/2022\/02\/Ekelys-Turning-Leaf-PedN-300x136.jpg 300w, https:\/\/www.cpv-ev.com\/wp-content\/uploads\/2022\/02\/Ekelys-Turning-Leaf-PedN-500x226.jpg 500w, https:\/\/www.cpv-ev.com\/wp-content\/uploads\/2022\/02\/Ekelys-Turning-Leaf-PedN-243x110.jpg 243w\" sizes=\"auto, (max-width: 680px) 100vw, 680px\" \/><\/a><img loading=\"lazy\" decoding=\"async\" src=\"https:\/\/www.cpv-ev.com\/wp-content\/uploads\/2012\/07\/trans240x10.gif\" alt=\"trans240x10\" width=\"240\" height=\"10\"><\/p>\n<h5>Galerie<\/h5>\n<p><a href=\"https:\/\/www.cpv-ev.com\/wp-content\/uploads\/2023\/11\/IMG_1402-e1700001079506.jpg\"><img loading=\"lazy\" decoding=\"async\" class=\"alignnone size-thumbnail wp-image-28116\" src=\"https:\/\/www.cpv-ev.com\/wp-content\/uploads\/2023\/11\/IMG_1402-165x110.jpg\" alt=\"\" width=\"165\" height=\"110\"><\/a> <a href=\"https:\/\/www.cpv-ev.com\/wp-content\/uploads\/2023\/11\/IMG_1404-scaled-e1700001265909.jpg\"><img loading=\"lazy\" decoding=\"async\" class=\"alignnone size-thumbnail wp-image-28119\" src=\"https:\/\/www.cpv-ev.com\/wp-content\/uploads\/2023\/11\/IMG_1404-165x110.jpg\" alt=\"\" width=\"165\" height=\"110\"><\/a> <a href=\"https:\/\/www.cpv-ev.com\/wp-content\/uploads\/2023\/11\/IMG_1407-scaled-e1700001208146.jpg\"><img loading=\"lazy\" decoding=\"async\" class=\"alignnone size-thumbnail wp-image-28118\" src=\"https:\/\/www.cpv-ev.com\/wp-content\/uploads\/2023\/11\/IMG_1407-165x110.jpg\" alt=\"\" width=\"165\" height=\"110\"><\/a> <a href=\"https:\/\/www.cpv-ev.com\/wp-content\/uploads\/2023\/11\/IMG_1405-scaled-e1700001148161.jpg\"><img loading=\"lazy\" decoding=\"async\" class=\"alignnone size-thumbnail wp-image-28117\" src=\"https:\/\/www.cpv-ev.com\/wp-content\/uploads\/2023\/11\/IMG_1405-167x110.jpg\" alt=\"\" width=\"167\" height=\"110\"><\/a><\/p>\n<h5>Nachkommen<\/h5>\n\n<table id=\"tablepress-18\" class=\"tablepress tablepress-id-18\">\n<thead>\n<tr class=\"row-1\">\n\t<th class=\"column-1\">FOTO<\/th><th class=\"column-2\">NAME<\/th><th class=\"column-3\">JAHR<\/th><th class=\"column-4\">VATER<\/th><th class=\"column-5\">MUTTER<\/th><th class=\"column-6\">Z\u00dcCHTER<\/th>\n<\/tr>\n<\/thead>\n<tbody class=\"row-striping row-hover\">\n<\/tbody>\n<\/table>\n<!-- #tablepress-18 from cache -->\n","protected":false},"excerpt":{"rendered":"<p>Farbe: Braunroan Hengstbuch: Rheinland &amp; ZfdP HB I, Leistungshengst K\u00f6rung: 14.11.2021 Wickrath Geboren: 2016 Leistungspr\u00fcfung: 2021 Neustadt\/Dosse, 30 TT, WN 7,65 (Rang 15\/18) Stockma\u00df: 148 cm Tr\u00e4ger des Creme-Faktors: nein R\u00f6hrbein: 20cm Tr\u00e4ger des Fuchsgens: ja Deckbedingungen: auf Anfrage Decktaxe: <a class=\"more-link\" href=\"https:\/\/www.cpv-ev.com\/?page_id=27132\"><span class=\"screen-reader-text\">  Ekely&#8217;s Turning Leaf<\/span> weiterlesen<span class=\"meta-nav\">&rarr;<\/span><\/a><\/p>\n","protected":false},"author":2,"featured_media":0,"parent":0,"menu_order":0,"comment_status":"closed","ping_status":"closed","template":"","meta":{"ngg_post_thumbnail":0,"footnotes":""},"class_list":["post-27132","page","type-page","status-publish","hentry"],"_links":{"self":[{"href":"https:\/\/www.cpv-ev.com\/index.php?rest_route=\/wp\/v2\/pages\/27132","targetHints":{"allow":["GET"]}}],"collection":[{"href":"https:\/\/www.cpv-ev.com\/index.php?rest_route=\/wp\/v2\/pages"}],"about":[{"href":"https:\/\/www.cpv-ev.com\/index.php?rest_route=\/wp\/v2\/types\/page"}],"author":[{"embeddable":true,"href":"https:\/\/www.cpv-ev.com\/index.php?rest_route=\/wp\/v2\/users\/2"}],"replies":[{"embeddable":true,"href":"https:\/\/www.cpv-ev.com\/index.php?rest_route=%2Fwp%2Fv2%2Fcomments&post=27132"}],"version-history":[{"count":3,"href":"https:\/\/www.cpv-ev.com\/index.php?rest_route=\/wp\/v2\/pages\/27132\/revisions"}],"predecessor-version":[{"id":29839,"href":"https:\/\/www.cpv-ev.com\/index.php?rest_route=\/wp\/v2\/pages\/27132\/revisions\/29839"}],"wp:attachment":[{"href":"https:\/\/www.cpv-ev.com\/index.php?rest_route=%2Fwp%2Fv2%2Fmedia&parent=27132"}],"curies":[{"name":"wp","href":"https:\/\/api.w.org\/{rel}","templated":true}]}}