{"id":26679,"date":"2021-06-25T16:38:03","date_gmt":"2021-06-25T14:38:03","guid":{"rendered":"https:\/\/www.cpv-ev.com\/?page_id=26679"},"modified":"2022-03-09T14:45:17","modified_gmt":"2022-03-09T12:45:17","slug":"dunlewey-mespilus","status":"publish","type":"page","link":"https:\/\/www.cpv-ev.com\/?page_id=26679","title":{"rendered":"Dunlewey Mespilus"},"content":{"rendered":"<table border=\"1\" cellspacing=\"0\" cellpadding=\"0\">\n<tbody>\n<tr>\n<td colspan=\"2\" valign=\"top\" width=\"717\"><img loading=\"lazy\" decoding=\"async\" src=\"https:\/\/www.cpv-ev.com\/wp-content\/uploads\/2012\/07\/trans240x10.gif\" alt=\"trans240x10\" width=\"240\" height=\"10\"><\/td>\n<\/tr>\n<tr>\n<td valign=\"top\" width=\"359\"><strong>Farbe:<\/strong> Schimmel<br \/>\n<strong>Geburtsfarbe: <\/strong>Palomino<\/td>\n<td valign=\"top\" width=\"359\"><strong>Hengstbuch:<\/strong> Sachsen-Th\u00fcringen HB I<br \/>\n<strong>K\u00f6rung:<\/strong> 07.05.2020 Graditz<\/td>\n<\/tr>\n<tr>\n<td valign=\"top\" width=\"359\"><strong>Geboren:<\/strong> 18.04.2016<\/td>\n<td valign=\"top\" width=\"359\"><strong>Leistungspr\u00fcfung: <\/strong>2020 Neustadt\/Dosse,<br \/>\n30 TT, WN 7,45 (Rang 9\/10)<em><br \/>\n<\/em><\/td>\n<\/tr>\n<tr>\n<td valign=\"top\" width=\"359\"><strong>Stockma\u00df: <\/strong>147 cm<strong><br \/>\n<\/strong><\/td>\n<td valign=\"top\" width=\"359\"><strong>Tr\u00e4ger des Creme-Faktors: <\/strong>ja<\/td>\n<\/tr>\n<tr>\n<td valign=\"top\" width=\"359\"><strong>R\u00f6hrbein: <\/strong><strong><br \/>\n<\/strong><\/td>\n<td valign=\"top\" width=\"359\"><strong>Tr\u00e4ger des Fuchsgens:<\/strong> unbekannt<\/td>\n<\/tr>\n<tr>\n<td valign=\"top\" width=\"359\"><strong style=\"line-height: 24px;\">Deckbedingungen: <\/strong>auf Anfrage<\/td>\n<td valign=\"top\" width=\"359\"><strong>Decktaxe: <\/strong>auf Anfrage<\/td>\n<\/tr>\n<tr>\n<td valign=\"top\" width=\"359\"><strong style=\"line-height: 24px;\">HWSD-Status: <\/strong>N\/N mit Identit\u00e4tssicherung<strong style=\"line-height: 24px;\"><br \/>\n<\/strong><\/td>\n<td valign=\"top\" width=\"359\"><strong>&nbsp;<\/strong><\/td>\n<\/tr>\n<tr>\n<td valign=\"top\" width=\"359\"><img loading=\"lazy\" decoding=\"async\" class=\"alignnone size-full wp-image-232\" src=\"https:\/\/www.cpv-ev.com\/wp-content\/uploads\/2012\/07\/trans240x10.gif\" alt=\"trans240x10\" width=\"240\" height=\"10\" srcset=\"https:\/\/www.cpv-ev.com\/wp-content\/uploads\/2012\/07\/trans240x10.gif 240w, https:\/\/www.cpv-ev.com\/wp-content\/uploads\/2012\/07\/trans240x10-225x10.gif 225w\" sizes=\"auto, (max-width: 240px) 100vw, 240px\" \/><\/td>\n<td valign=\"top\" width=\"359\"><\/td>\n<\/tr>\n<tr>\n<td valign=\"top\" width=\"359\"><strong>Gek\u00f6rte S\u00f6hne: &#8211;<\/strong><\/td>\n<td valign=\"top\" width=\"359\"><strong>Eingetragene Stuten: <\/strong>&#8211;<strong><br \/>\n<\/strong><\/td>\n<\/tr>\n<tr>\n<td valign=\"top\" width=\"359\"><\/td>\n<td valign=\"top\" width=\"359\"><strong>davon StPrSt: <\/strong>&#8211;<strong><br \/>\n<\/strong><\/td>\n<\/tr>\n<tr>\n<td valign=\"top\" width=\"359\"><img loading=\"lazy\" decoding=\"async\" src=\"https:\/\/www.cpv-ev.com\/wp-content\/uploads\/2012\/07\/trans240x10.gif\" alt=\"trans240x10\" width=\"240\" height=\"10\"><\/td>\n<td valign=\"top\" width=\"359\"><\/td>\n<\/tr>\n<tr>\n<td valign=\"top\" width=\"359\"><strong>Lebensgewinnsumme:<\/strong> &#8211;<img loading=\"lazy\" decoding=\"async\" class=\"alignnone size-full wp-image-232\" title=\"trans240x10\" src=\"https:\/\/www.cpv-ev.com\/wp-content\/uploads\/2012\/07\/trans240x10.gif\" alt=\"\" width=\"100\" height=\"20\"><\/td>\n<td valign=\"top\" width=\"359\"><strong>Nachkommen-LGS: <\/strong>&#8211;<strong><br \/>\n<\/strong><\/td>\n<\/tr>\n<tr>\n<td colspan=\"2\" valign=\"top\" width=\"717\"><img loading=\"lazy\" decoding=\"async\" src=\"https:\/\/www.cpv-ev.com\/wp-content\/uploads\/2012\/07\/trans240x10.gif\" alt=\"trans240x10\" width=\"240\" height=\"10\"><\/td>\n<\/tr>\n<tr>\n<td colspan=\"2\" valign=\"top\" width=\"717\"><strong>Z\u00fcchter: <\/strong>K.C. &amp; F. Guinness, Irland<br \/>\n<strong><strong>Besitzer<\/strong>:&nbsp;<\/strong>Stella Wieler, Siebenhufen 32, 02829 Sch\u00f6pstal, Reiterhof Neubrunn<\/td>\n<\/tr>\n<tr>\n<td valign=\"top\" width=\"359\">Telefon: 03582 &#8211; 561659<\/td>\n<td valign=\"top\" width=\"359\">Mobil: 0171 &#8211; 5217463<\/td>\n<\/tr>\n<tr>\n<td valign=\"top\" width=\"307\">Email: <a href=\"mailto:reiterhof-neubrunn@web.de\">reiterhof-neubrunn@web.de<\/a><\/td>\n<td valign=\"top\" width=\"307\">Website:<\/td>\n<\/tr>\n<\/tbody>\n<\/table>\n<h5>Pedigree<\/h5>\n<p><a href=\"https:\/\/www.cpv-ev.com\/wp-content\/uploads\/2022\/03\/Dunlewey-Mespilus-Ped.jpg\"><img loading=\"lazy\" decoding=\"async\" class=\"alignnone size-full wp-image-27392\" src=\"https:\/\/www.cpv-ev.com\/wp-content\/uploads\/2022\/03\/Dunlewey-Mespilus-Ped.jpg\" alt=\"\" width=\"680\" height=\"310\" srcset=\"https:\/\/www.cpv-ev.com\/wp-content\/uploads\/2022\/03\/Dunlewey-Mespilus-Ped.jpg 680w, https:\/\/www.cpv-ev.com\/wp-content\/uploads\/2022\/03\/Dunlewey-Mespilus-Ped-300x137.jpg 300w, https:\/\/www.cpv-ev.com\/wp-content\/uploads\/2022\/03\/Dunlewey-Mespilus-Ped-500x228.jpg 500w, https:\/\/www.cpv-ev.com\/wp-content\/uploads\/2022\/03\/Dunlewey-Mespilus-Ped-241x110.jpg 241w\" sizes=\"auto, (max-width: 680px) 100vw, 680px\" \/><\/a><\/p>\n<p><img loading=\"lazy\" decoding=\"async\" src=\"https:\/\/www.cpv-ev.com\/wp-content\/uploads\/2012\/07\/trans240x10.gif\" alt=\"trans240x10\" width=\"240\" height=\"10\"><\/p>\n<h5>Galerie<\/h5>\n<p><a href=\"https:\/\/www.cpv-ev.com\/wp-content\/uploads\/2021\/06\/Dunlewey-Mespilus.jpg\"><img loading=\"lazy\" decoding=\"async\" class=\"alignnone size-thumbnail wp-image-26685\" src=\"https:\/\/www.cpv-ev.com\/wp-content\/uploads\/2021\/06\/Dunlewey-Mespilus-124x110.jpg\" alt=\"\" width=\"124\" height=\"110\" srcset=\"https:\/\/www.cpv-ev.com\/wp-content\/uploads\/2021\/06\/Dunlewey-Mespilus-124x110.jpg 124w, https:\/\/www.cpv-ev.com\/wp-content\/uploads\/2021\/06\/Dunlewey-Mespilus-300x267.jpg 300w, https:\/\/www.cpv-ev.com\/wp-content\/uploads\/2021\/06\/Dunlewey-Mespilus-500x444.jpg 500w, https:\/\/www.cpv-ev.com\/wp-content\/uploads\/2021\/06\/Dunlewey-Mespilus-125x110.jpg 125w, https:\/\/www.cpv-ev.com\/wp-content\/uploads\/2021\/06\/Dunlewey-Mespilus.jpg 709w\" sizes=\"auto, (max-width: 124px) 100vw, 124px\" \/><\/a><\/p>\n<h5>Nachkommen<\/h5>\n\n<table id=\"tablepress-18\" class=\"tablepress tablepress-id-18 mtr-table mtr-thead-th\">\n<thead>\n<tr class=\"row-1\">\n\t<th class=\"column-1 mtr-th-tag\" data-mtr-content=\"FOTO\"><div class=\"mtr-cell-content\">FOTO<\/div><\/th><th class=\"column-2 mtr-th-tag\" data-mtr-content=\"NAME\"><div class=\"mtr-cell-content\">NAME<\/div><\/th><th class=\"column-3 mtr-th-tag\" data-mtr-content=\"JAHR\"><div class=\"mtr-cell-content\">JAHR<\/div><\/th><th class=\"column-4 mtr-th-tag\" data-mtr-content=\"VATER\"><div class=\"mtr-cell-content\">VATER<\/div><\/th><th class=\"column-5 mtr-th-tag\" data-mtr-content=\"MUTTER\"><div class=\"mtr-cell-content\">MUTTER<\/div><\/th><th class=\"column-6 mtr-th-tag\" data-mtr-content=\"Z\u00dcCHTER\"><div class=\"mtr-cell-content\">Z\u00dcCHTER<\/div><\/th>\n<\/tr>\n<\/thead>\n<tbody class=\"row-striping row-hover\">\n<tr class=\"row-2\">\n\t<td class=\"column-1 mtr-td-tag\" data-mtr-content=\"FOTO\"><div class=\"mtr-cell-content\"><\/div><\/td><td class=\"column-2 mtr-td-tag\" data-mtr-content=\"NAME\"><div class=\"mtr-cell-content\"><b>NEUBRUNN <br>SNOWDROP<\/b><br>DE455550208619<br><br>Stute<br>2019<br>N\/N<br><br><\/div><\/td><td class=\"column-3 mtr-td-tag\" data-mtr-content=\"JAHR\"><div class=\"mtr-cell-content\">2019<\/div><\/td><td class=\"column-4 mtr-td-tag\" data-mtr-content=\"VATER\"><div class=\"mtr-cell-content\">Dunlewey Mespilus<\/div><\/td><td class=\"column-5 mtr-td-tag\" data-mtr-content=\"MUTTER\"><div class=\"mtr-cell-content\"><\/div><\/td><td class=\"column-6 mtr-td-tag\" data-mtr-content=\"Z\u00dcCHTER\"><div class=\"mtr-cell-content\">Stella Wieler<br>02829 Sch\u00f6pstal<\/div><\/td>\n<\/tr>\n<\/tbody>\n<\/table>\n<!-- #tablepress-18 from cache -->\n","protected":false},"excerpt":{"rendered":"<p>Farbe: Schimmel Geburtsfarbe: Palomino Hengstbuch: Sachsen-Th\u00fcringen HB I K\u00f6rung: 07.05.2020 Graditz Geboren: 18.04.2016 Leistungspr\u00fcfung: 2020 Neustadt\/Dosse, 30 TT, WN 7,45 (Rang 9\/10) Stockma\u00df: 147 cm Tr\u00e4ger des Creme-Faktors: ja R\u00f6hrbein: Tr\u00e4ger des Fuchsgens: unbekannt Deckbedingungen: auf Anfrage Decktaxe: auf Anfrage <a class=\"more-link\" href=\"https:\/\/www.cpv-ev.com\/?page_id=26679\"><span class=\"screen-reader-text\">  Dunlewey Mespilus<\/span> weiterlesen<span class=\"meta-nav\">&rarr;<\/span><\/a><\/p>\n","protected":false},"author":2,"featured_media":0,"parent":0,"menu_order":0,"comment_status":"closed","ping_status":"closed","template":"","meta":{"ngg_post_thumbnail":0,"footnotes":""},"class_list":["post-26679","page","type-page","status-publish","hentry"],"_links":{"self":[{"href":"https:\/\/www.cpv-ev.com\/index.php?rest_route=\/wp\/v2\/pages\/26679","targetHints":{"allow":["GET"]}}],"collection":[{"href":"https:\/\/www.cpv-ev.com\/index.php?rest_route=\/wp\/v2\/pages"}],"about":[{"href":"https:\/\/www.cpv-ev.com\/index.php?rest_route=\/wp\/v2\/types\/page"}],"author":[{"embeddable":true,"href":"https:\/\/www.cpv-ev.com\/index.php?rest_route=\/wp\/v2\/users\/2"}],"replies":[{"embeddable":true,"href":"https:\/\/www.cpv-ev.com\/index.php?rest_route=%2Fwp%2Fv2%2Fcomments&post=26679"}],"version-history":[{"count":0,"href":"https:\/\/www.cpv-ev.com\/index.php?rest_route=\/wp\/v2\/pages\/26679\/revisions"}],"wp:attachment":[{"href":"https:\/\/www.cpv-ev.com\/index.php?rest_route=%2Fwp%2Fv2%2Fmedia&parent=26679"}],"curies":[{"name":"wp","href":"https:\/\/api.w.org\/{rel}","templated":true}]}}