{"id":22906,"date":"2020-04-16T12:45:41","date_gmt":"2020-04-16T10:45:41","guid":{"rendered":"https:\/\/www.cpv-ev.com\/?page_id=22906"},"modified":"2026-04-23T14:57:08","modified_gmt":"2026-04-23T12:57:08","slug":"mr-raven-vom-moenchsee-2","status":"publish","type":"page","link":"https:\/\/www.cpv-ev.com\/?page_id=22906","title":{"rendered":"Mr. Raven vom M\u00f6nchsee"},"content":{"rendered":"<table border=\"1\" cellspacing=\"0\" cellpadding=\"0\">\n<tbody>\n<tr>\n<td colspan=\"2\" valign=\"top\" width=\"717\"><img loading=\"lazy\" decoding=\"async\" src=\"https:\/\/www.cpv-ev.com\/wp-content\/uploads\/2012\/07\/trans240x10.gif\" alt=\"trans240x10\" width=\"240\" height=\"10\"><\/td>\n<\/tr>\n<tr>\n<td valign=\"top\" width=\"359\"><strong>Farbe:<\/strong> Rappe<\/td>\n<td valign=\"top\" width=\"359\"><strong>Hengstbuch:<\/strong> ZfdP HB II<br \/>\n<strong>Eintragung:<\/strong> 2020 ZfdP<\/td>\n<\/tr>\n<tr>\n<td valign=\"top\" width=\"359\"><strong>Geboren:<\/strong> 10.06.2016<\/td>\n<td valign=\"top\" width=\"359\"><strong>Leistungspr\u00fcfung: <\/strong>noch keine<\/td>\n<\/tr>\n<tr>\n<td valign=\"top\" width=\"359\"><strong>Stockma\u00df:&nbsp;<\/strong>147 cm<\/td>\n<td valign=\"top\" width=\"359\"><strong>Tr\u00e4ger des Creme-Faktors: <\/strong><strong><br \/>\n<\/strong><\/td>\n<\/tr>\n<tr>\n<td valign=\"top\" width=\"359\"><strong>R\u00f6hrbein: <\/strong><strong><br \/>\n<\/strong><\/td>\n<td valign=\"top\" width=\"359\"><strong>Tr\u00e4ger des Fuchsgens: <\/strong><strong><br \/>\n<\/strong><\/td>\n<\/tr>\n<tr>\n<td valign=\"top\" width=\"359\"><strong>Ausgeschieden:<\/strong> 2022 kastriert<\/td>\n<td valign=\"top\" width=\"359\">&nbsp;<\/td>\n<\/tr>\n<tr>\n<td colspan=\"2\" valign=\"top\" width=\"717\"><strong style=\"line-height: 24px;\">HWSD-Status: <\/strong>N\/HWSD mit Abstammungs\u00fcberpr\u00fcfung<strong style=\"line-height: 24px;\"><br \/>\n<\/strong><\/td>\n<\/tr>\n<tr>\n<td valign=\"top\" width=\"359\"><img loading=\"lazy\" decoding=\"async\" class=\"alignnone size-full wp-image-232\" src=\"https:\/\/www.cpv-ev.com\/wp-content\/uploads\/2012\/07\/trans240x10.gif\" alt=\"trans240x10\" width=\"240\" height=\"10\" srcset=\"https:\/\/www.cpv-ev.com\/wp-content\/uploads\/2012\/07\/trans240x10.gif 240w, https:\/\/www.cpv-ev.com\/wp-content\/uploads\/2012\/07\/trans240x10-225x10.gif 225w\" sizes=\"auto, (max-width: 240px) 100vw, 240px\" \/><\/td>\n<td valign=\"top\" width=\"359\">&nbsp;<\/td>\n<\/tr>\n<tr>\n<td valign=\"top\" width=\"359\"><strong>Gek\u00f6rte S\u00f6hne:&nbsp;<\/strong> &#8211;<\/td>\n<td valign=\"top\" width=\"359\"><strong>Eingetragene Stuten:<\/strong> &#8211;<br \/>\n<strong>davon StPrSt: <\/strong><strong><br \/>\n<\/strong><\/td>\n<\/tr>\n<tr>\n<td valign=\"top\" width=\"359\"><img loading=\"lazy\" decoding=\"async\" src=\"https:\/\/www.cpv-ev.com\/wp-content\/uploads\/2012\/07\/trans240x10.gif\" alt=\"trans240x10\" width=\"240\" height=\"10\"><\/td>\n<td valign=\"top\" width=\"359\">&nbsp;<\/td>\n<\/tr>\n<tr>\n<td valign=\"top\" width=\"359\"><strong>Lebensgewinnsumme:<\/strong> &#8211;<img loading=\"lazy\" decoding=\"async\" class=\"alignnone size-full wp-image-232\" title=\"trans240x10\" src=\"https:\/\/www.cpv-ev.com\/wp-content\/uploads\/2012\/07\/trans240x10.gif\" alt=\"\" width=\"100\" height=\"20\"><\/td>\n<td valign=\"top\" width=\"359\"><strong>Nachkommen-LGS: <\/strong>&#8211;<\/td>\n<\/tr>\n<tr>\n<td colspan=\"2\" valign=\"top\" width=\"717\"><img loading=\"lazy\" decoding=\"async\" src=\"https:\/\/www.cpv-ev.com\/wp-content\/uploads\/2012\/07\/trans240x10.gif\" alt=\"trans240x10\" width=\"240\" height=\"10\"><\/td>\n<\/tr>\n<tr>\n<td colspan=\"2\" valign=\"top\" width=\"717\"><strong><strong>Z\u00fcchter:&nbsp;<\/strong><\/strong>Irene &amp; Helmut Huber, Gest\u00fct vom M\u00f6nchsee, K\u00f6nigsfelderstr. 18, 78087 M\u00f6nchweiler<\/p>\n<p><strong>Besitzer:<\/strong> Anja Bornh\u00f6ft-Lejon, Gest\u00fct Borghorst, 24251 Borghorst<\/td>\n<\/tr>\n<tr>\n<td valign=\"top\" width=\"359\">&nbsp;<\/td>\n<td valign=\"top\" width=\"359\">&nbsp;<\/td>\n<\/tr>\n<tr>\n<td valign=\"top\" width=\"307\">&nbsp;<\/td>\n<td valign=\"top\" width=\"307\">&nbsp;<\/td>\n<\/tr>\n<\/tbody>\n<\/table>\n<h5>Pedigree<\/h5>\n<p><a href=\"https:\/\/www.cpv-ev.com\/wp-content\/uploads\/2020\/04\/Mr-Raven-vom-M\u00f6nchsee-Ped.jpg\"><img loading=\"lazy\" decoding=\"async\" class=\"alignleft size-full wp-image-24509\" src=\"https:\/\/www.cpv-ev.com\/wp-content\/uploads\/2020\/04\/Mr-Raven-vom-M\u00f6nchsee-Ped.jpg\" alt=\"\" width=\"680\" height=\"310\" srcset=\"https:\/\/www.cpv-ev.com\/wp-content\/uploads\/2020\/04\/Mr-Raven-vom-M\u00f6nchsee-Ped.jpg 680w, https:\/\/www.cpv-ev.com\/wp-content\/uploads\/2020\/04\/Mr-Raven-vom-M\u00f6nchsee-Ped-300x137.jpg 300w, https:\/\/www.cpv-ev.com\/wp-content\/uploads\/2020\/04\/Mr-Raven-vom-M\u00f6nchsee-Ped-500x228.jpg 500w, https:\/\/www.cpv-ev.com\/wp-content\/uploads\/2020\/04\/Mr-Raven-vom-M\u00f6nchsee-Ped-241x110.jpg 241w\" sizes=\"auto, (max-width: 680px) 100vw, 680px\" \/><\/a><\/p>\n<h5>Galerie<\/h5>\n<p><a href=\"https:\/\/www.cpv-ev.com\/wp-content\/uploads\/2020\/08\/Mr-Raven-vom-M\u00f6nchsee1.jpg\"><img loading=\"lazy\" decoding=\"async\" class=\"alignnone size-thumbnail wp-image-24722\" src=\"https:\/\/www.cpv-ev.com\/wp-content\/uploads\/2020\/08\/Mr-Raven-vom-M\u00f6nchsee1-135x110.jpg\" alt=\"\" width=\"135\" height=\"110\" srcset=\"https:\/\/www.cpv-ev.com\/wp-content\/uploads\/2020\/08\/Mr-Raven-vom-M\u00f6nchsee1-135x110.jpg 135w, https:\/\/www.cpv-ev.com\/wp-content\/uploads\/2020\/08\/Mr-Raven-vom-M\u00f6nchsee1-300x244.jpg 300w, https:\/\/www.cpv-ev.com\/wp-content\/uploads\/2020\/08\/Mr-Raven-vom-M\u00f6nchsee1-500x406.jpg 500w, https:\/\/www.cpv-ev.com\/wp-content\/uploads\/2020\/08\/Mr-Raven-vom-M\u00f6nchsee1.jpg 750w\" sizes=\"auto, (max-width: 135px) 100vw, 135px\" \/><\/a> &nbsp;<a href=\"https:\/\/www.cpv-ev.com\/wp-content\/uploads\/2020\/08\/Mr-Raven-vom-M\u00f6nchsee.jpg\"><img loading=\"lazy\" decoding=\"async\" class=\"alignnone size-thumbnail wp-image-24721\" src=\"https:\/\/www.cpv-ev.com\/wp-content\/uploads\/2020\/08\/Mr-Raven-vom-M\u00f6nchsee-126x110.jpg\" alt=\"\" width=\"126\" height=\"110\" srcset=\"https:\/\/www.cpv-ev.com\/wp-content\/uploads\/2020\/08\/Mr-Raven-vom-M\u00f6nchsee-126x110.jpg 126w, https:\/\/www.cpv-ev.com\/wp-content\/uploads\/2020\/08\/Mr-Raven-vom-M\u00f6nchsee-300x262.jpg 300w, https:\/\/www.cpv-ev.com\/wp-content\/uploads\/2020\/08\/Mr-Raven-vom-M\u00f6nchsee-500x437.jpg 500w, https:\/\/www.cpv-ev.com\/wp-content\/uploads\/2020\/08\/Mr-Raven-vom-M\u00f6nchsee-125x110.jpg 125w, https:\/\/www.cpv-ev.com\/wp-content\/uploads\/2020\/08\/Mr-Raven-vom-M\u00f6nchsee.jpg 750w\" sizes=\"auto, (max-width: 126px) 100vw, 126px\" \/>&nbsp; <\/a><a href=\"https:\/\/www.cpv-ev.com\/wp-content\/uploads\/2020\/08\/Mr-Raven-vom-M\u00f6nchsee2.jpg\"><img loading=\"lazy\" decoding=\"async\" class=\"alignnone size-thumbnail wp-image-24723\" src=\"https:\/\/www.cpv-ev.com\/wp-content\/uploads\/2020\/08\/Mr-Raven-vom-M\u00f6nchsee2-147x110.jpg\" alt=\"\" width=\"147\" height=\"110\" srcset=\"https:\/\/www.cpv-ev.com\/wp-content\/uploads\/2020\/08\/Mr-Raven-vom-M\u00f6nchsee2-147x110.jpg 147w, https:\/\/www.cpv-ev.com\/wp-content\/uploads\/2020\/08\/Mr-Raven-vom-M\u00f6nchsee2-300x225.jpg 300w, https:\/\/www.cpv-ev.com\/wp-content\/uploads\/2020\/08\/Mr-Raven-vom-M\u00f6nchsee2-500x375.jpg 500w, https:\/\/www.cpv-ev.com\/wp-content\/uploads\/2020\/08\/Mr-Raven-vom-M\u00f6nchsee2-146x110.jpg 146w, https:\/\/www.cpv-ev.com\/wp-content\/uploads\/2020\/08\/Mr-Raven-vom-M\u00f6nchsee2.jpg 750w\" sizes=\"auto, (max-width: 147px) 100vw, 147px\" \/><\/a><\/p>\n<h5>Nachkommen<\/h5>\n\n<table id=\"tablepress-18\" class=\"tablepress tablepress-id-18\">\n<thead>\n<tr class=\"row-1\">\n\t<th class=\"column-1\">FOTO<\/th><th class=\"column-2\">NAME<\/th><th class=\"column-3\">JAHR<\/th><th class=\"column-4\">VATER<\/th><th class=\"column-5\">MUTTER<\/th><th class=\"column-6\">Z\u00dcCHTER<\/th>\n<\/tr>\n<\/thead>\n<tbody class=\"row-striping row-hover\">\n<\/tbody>\n<\/table>\n<!-- #tablepress-18 from cache -->\n","protected":false},"excerpt":{"rendered":"<p>Farbe: Rappe Hengstbuch: ZfdP HB II Eintragung: 2020 ZfdP Geboren: 10.06.2016 Leistungspr\u00fcfung: noch keine Stockma\u00df:&nbsp;147 cm Tr\u00e4ger des Creme-Faktors: R\u00f6hrbein: Tr\u00e4ger des Fuchsgens: Ausgeschieden: 2022 kastriert &nbsp; HWSD-Status: N\/HWSD mit Abstammungs\u00fcberpr\u00fcfung &nbsp; Gek\u00f6rte S\u00f6hne:&nbsp; &#8211; Eingetragene Stuten: &#8211; davon StPrSt: <a class=\"more-link\" href=\"https:\/\/www.cpv-ev.com\/?page_id=22906\"><span class=\"screen-reader-text\">  Mr. Raven vom M\u00f6nchsee<\/span> weiterlesen<span class=\"meta-nav\">&rarr;<\/span><\/a><\/p>\n","protected":false},"author":2,"featured_media":0,"parent":11817,"menu_order":0,"comment_status":"closed","ping_status":"closed","template":"","meta":{"ngg_post_thumbnail":0,"footnotes":""},"class_list":["post-22906","page","type-page","status-publish","hentry"],"_links":{"self":[{"href":"https:\/\/www.cpv-ev.com\/index.php?rest_route=\/wp\/v2\/pages\/22906","targetHints":{"allow":["GET"]}}],"collection":[{"href":"https:\/\/www.cpv-ev.com\/index.php?rest_route=\/wp\/v2\/pages"}],"about":[{"href":"https:\/\/www.cpv-ev.com\/index.php?rest_route=\/wp\/v2\/types\/page"}],"author":[{"embeddable":true,"href":"https:\/\/www.cpv-ev.com\/index.php?rest_route=\/wp\/v2\/users\/2"}],"replies":[{"embeddable":true,"href":"https:\/\/www.cpv-ev.com\/index.php?rest_route=%2Fwp%2Fv2%2Fcomments&post=22906"}],"version-history":[{"count":1,"href":"https:\/\/www.cpv-ev.com\/index.php?rest_route=\/wp\/v2\/pages\/22906\/revisions"}],"predecessor-version":[{"id":30028,"href":"https:\/\/www.cpv-ev.com\/index.php?rest_route=\/wp\/v2\/pages\/22906\/revisions\/30028"}],"up":[{"embeddable":true,"href":"https:\/\/www.cpv-ev.com\/index.php?rest_route=\/wp\/v2\/pages\/11817"}],"wp:attachment":[{"href":"https:\/\/www.cpv-ev.com\/index.php?rest_route=%2Fwp%2Fv2%2Fmedia&parent=22906"}],"curies":[{"name":"wp","href":"https:\/\/api.w.org\/{rel}","templated":true}]}}