{"id":1775,"date":"2012-07-25T15:05:32","date_gmt":"2012-07-25T13:05:32","guid":{"rendered":"https:\/\/www.cpv-ev.com\/?page_id=1775"},"modified":"2021-01-31T11:43:00","modified_gmt":"2021-01-31T09:43:00","slug":"van-de-arenbosch-daan","status":"publish","type":"page","link":"https:\/\/www.cpv-ev.com\/?page_id=1775","title":{"rendered":"Van de Arenbosch Daan"},"content":{"rendered":"<p>&nbsp;<\/p>\n<table cellspacing=\"0\" cellpadding=\"0\" border=\"1\">\n<tbody>\n<tr>\n<td width=\"359\" valign=\"top\"><strong>Farbe:<\/strong> Falbchimmel<\/td>\n<td width=\"359\" valign=\"top\"><strong>Hengstbuch:<\/strong> Westfalen HB I<\/td>\n<\/tr>\n<tr>\n<td width=\"359\" valign=\"top\"><strong>Geboren:<\/strong> 1983<\/td>\n<td width=\"359\" valign=\"top\"><strong>Leistungspr\u00fcfung: <\/strong>1990 M\u00fcnster-Handorf,<br \/>\n30 TT, WN 7,08 (Rang 21\/27)<\/td>\n<\/tr>\n<tr>\n<td width=\"359\" valign=\"top\"><strong>Stockma\u00df: <\/strong>146 cm<\/td>\n<td width=\"359\" valign=\"top\"><strong>Tr\u00e4ger des Creme-Faktors:<\/strong> ja<\/td>\n<\/tr>\n<tr>\n<td width=\"359\" valign=\"top\"><strong>R\u00f6hrbein: <\/strong><strong><br \/>\n<\/strong><\/td>\n<td width=\"359\" valign=\"top\"><strong>Tr\u00e4ger des Fuchsgens:<\/strong> unbekannt<\/td>\n<\/tr>\n<tr>\n<td width=\"359\" valign=\"top\"><strong>Ausgeschieden:<\/strong><\/td>\n<td width=\"359\" valign=\"top\"><\/td>\n<\/tr>\n<tr>\n<td width=\"359\" valign=\"top\"><img loading=\"lazy\" decoding=\"async\" class=\"alignnone size-full wp-image-232\" src=\"https:\/\/www.cpv-ev.com\/wp-content\/uploads\/2012\/07\/trans240x10.gif\" alt=\"trans240x10\" width=\"240\" height=\"10\" srcset=\"https:\/\/www.cpv-ev.com\/wp-content\/uploads\/2012\/07\/trans240x10.gif 240w, https:\/\/www.cpv-ev.com\/wp-content\/uploads\/2012\/07\/trans240x10-225x10.gif 225w\" sizes=\"auto, (max-width: 240px) 100vw, 240px\" \/><\/td>\n<td width=\"359\" valign=\"top\"><\/td>\n<\/tr>\n<tr>\n<td width=\"359\" valign=\"top\"><strong>Gek\u00f6rte S\u00f6hne: <\/strong>keine<strong><br \/>\n<\/strong><\/td>\n<td width=\"359\" valign=\"top\"><strong>Eingetragene Stuten: <\/strong>5<strong><br \/>\n<\/strong><\/td>\n<\/tr>\n<tr>\n<td width=\"359\" valign=\"top\"><\/td>\n<td width=\"359\" valign=\"top\"><strong>davon StPrSt: <\/strong>&#8211;<strong><br \/>\n<\/strong><\/td>\n<\/tr>\n<tr>\n<td width=\"359\" valign=\"top\"><img loading=\"lazy\" decoding=\"async\" src=\"https:\/\/www.cpv-ev.com\/wp-content\/uploads\/2012\/07\/trans240x10.gif\" alt=\"trans240x10\" width=\"240\" height=\"10\"><\/td>\n<td width=\"359\" valign=\"top\"><\/td>\n<\/tr>\n<tr>\n<td width=\"359\" valign=\"top\"><strong>Lebensgewinnsumme:<\/strong> 539 EUR<img loading=\"lazy\" decoding=\"async\" class=\"alignnone size-full wp-image-232\" title=\"trans240x10\" src=\"https:\/\/www.cpv-ev.com\/wp-content\/uploads\/2012\/07\/trans240x10.gif\" alt=\"\" width=\"100\" height=\"20\"><\/td>\n<td width=\"359\" valign=\"top\"><strong>Nachkommen-LGS: <\/strong>535 EUR (2017)<strong><br \/>\n<\/strong><\/td>\n<\/tr>\n<tr>\n<td colspan=\"2\" width=\"717\" valign=\"top\"><img loading=\"lazy\" decoding=\"async\" src=\"https:\/\/www.cpv-ev.com\/wp-content\/uploads\/2012\/07\/trans240x10.gif\" alt=\"trans240x10\" width=\"240\" height=\"10\"><\/td>\n<\/tr>\n<tr>\n<td colspan=\"2\" width=\"717\" valign=\"top\"><strong><strong>Z\u00fcchter: <\/strong><\/strong>Leon Verschueren, Gest\u00fct Van de Arenbosch, Niederlande<strong><strong><br \/>\n<\/strong><\/strong><strong>Besitzer: <\/strong>Hans-J\u00fcrgen Sander, 48317 Drensteinfurt<\/td>\n<\/tr>\n<\/tbody>\n<\/table>\n<h5>&nbsp;Pedigree<\/h5>\n<p><img loading=\"lazy\" decoding=\"async\" class=\"alignnone size-full wp-image-11834\" src=\"https:\/\/www.cpv-ev.com\/wp-content\/uploads\/2014\/06\/Van-de-Arenbosch-Daan.jpg\" alt=\"Van de Arenbosch Daan\" width=\"680\" height=\"310\" srcset=\"https:\/\/www.cpv-ev.com\/wp-content\/uploads\/2014\/06\/Van-de-Arenbosch-Daan.jpg 680w, https:\/\/www.cpv-ev.com\/wp-content\/uploads\/2014\/06\/Van-de-Arenbosch-Daan-241x110.jpg 241w, https:\/\/www.cpv-ev.com\/wp-content\/uploads\/2014\/06\/Van-de-Arenbosch-Daan-300x136.jpg 300w, https:\/\/www.cpv-ev.com\/wp-content\/uploads\/2014\/06\/Van-de-Arenbosch-Daan-500x227.jpg 500w\" sizes=\"auto, (max-width: 680px) 100vw, 680px\" \/><\/p>\n<h5>Galerie<\/h5>\n<p><a href=\"https:\/\/www.cpv-ev.com\/wp-content\/uploads\/2021\/01\/Van-de-Arenbosch-Daan.jpg\"><img loading=\"lazy\" decoding=\"async\" class=\"alignnone size-thumbnail wp-image-25450\" src=\"https:\/\/www.cpv-ev.com\/wp-content\/uploads\/2021\/01\/Van-de-Arenbosch-Daan-83x110.jpg\" alt=\"\" width=\"83\" height=\"110\" srcset=\"https:\/\/www.cpv-ev.com\/wp-content\/uploads\/2021\/01\/Van-de-Arenbosch-Daan-83x110.jpg 83w, https:\/\/www.cpv-ev.com\/wp-content\/uploads\/2021\/01\/Van-de-Arenbosch-Daan-300x400.jpg 300w, https:\/\/www.cpv-ev.com\/wp-content\/uploads\/2021\/01\/Van-de-Arenbosch-Daan-375x500.jpg 375w, https:\/\/www.cpv-ev.com\/wp-content\/uploads\/2021\/01\/Van-de-Arenbosch-Daan-110x146.jpg 110w, https:\/\/www.cpv-ev.com\/wp-content\/uploads\/2021\/01\/Van-de-Arenbosch-Daan-225x300.jpg 225w, https:\/\/www.cpv-ev.com\/wp-content\/uploads\/2021\/01\/Van-de-Arenbosch-Daan.jpg 563w\" sizes=\"auto, (max-width: 83px) 100vw, 83px\" \/> <\/a><a href=\"https:\/\/www.cpv-ev.com\/wp-content\/uploads\/2021\/01\/Van-de-Arenbosch-Daan-Seite.jpg\"><img loading=\"lazy\" decoding=\"async\" class=\"alignnone size-thumbnail wp-image-25449\" src=\"https:\/\/www.cpv-ev.com\/wp-content\/uploads\/2021\/01\/Van-de-Arenbosch-Daan-Seite-147x110.jpg\" alt=\"\" width=\"147\" height=\"110\" srcset=\"https:\/\/www.cpv-ev.com\/wp-content\/uploads\/2021\/01\/Van-de-Arenbosch-Daan-Seite-147x110.jpg 147w, https:\/\/www.cpv-ev.com\/wp-content\/uploads\/2021\/01\/Van-de-Arenbosch-Daan-Seite-300x225.jpg 300w, https:\/\/www.cpv-ev.com\/wp-content\/uploads\/2021\/01\/Van-de-Arenbosch-Daan-Seite-500x375.jpg 500w, https:\/\/www.cpv-ev.com\/wp-content\/uploads\/2021\/01\/Van-de-Arenbosch-Daan-Seite-146x110.jpg 146w, https:\/\/www.cpv-ev.com\/wp-content\/uploads\/2021\/01\/Van-de-Arenbosch-Daan-Seite.jpg 750w\" sizes=\"auto, (max-width: 147px) 100vw, 147px\" \/><\/a> <a href=\"https:\/\/www.cpv-ev.com\/wp-content\/uploads\/2021\/01\/Van-de-Arenbosch-Daan-Front.jpg\"><img loading=\"lazy\" decoding=\"async\" class=\"alignnone size-thumbnail wp-image-25446\" src=\"https:\/\/www.cpv-ev.com\/wp-content\/uploads\/2021\/01\/Van-de-Arenbosch-Daan-Front-83x110.jpg\" alt=\"\" width=\"83\" height=\"110\" srcset=\"https:\/\/www.cpv-ev.com\/wp-content\/uploads\/2021\/01\/Van-de-Arenbosch-Daan-Front-83x110.jpg 83w, https:\/\/www.cpv-ev.com\/wp-content\/uploads\/2021\/01\/Van-de-Arenbosch-Daan-Front-300x400.jpg 300w, https:\/\/www.cpv-ev.com\/wp-content\/uploads\/2021\/01\/Van-de-Arenbosch-Daan-Front-375x500.jpg 375w, https:\/\/www.cpv-ev.com\/wp-content\/uploads\/2021\/01\/Van-de-Arenbosch-Daan-Front-110x146.jpg 110w, https:\/\/www.cpv-ev.com\/wp-content\/uploads\/2021\/01\/Van-de-Arenbosch-Daan-Front-225x300.jpg 225w, https:\/\/www.cpv-ev.com\/wp-content\/uploads\/2021\/01\/Van-de-Arenbosch-Daan-Front.jpg 563w\" sizes=\"auto, (max-width: 83px) 100vw, 83px\" \/><\/a> <a href=\"https:\/\/www.cpv-ev.com\/wp-content\/uploads\/2021\/01\/Van-de-Arenbosch-Daan-Halle.jpg\"><img loading=\"lazy\" decoding=\"async\" class=\"alignnone size-thumbnail wp-image-26082\" src=\"https:\/\/www.cpv-ev.com\/wp-content\/uploads\/2021\/01\/Van-de-Arenbosch-Daan-Halle-147x110.jpg\" alt=\"\" width=\"147\" height=\"110\" srcset=\"https:\/\/www.cpv-ev.com\/wp-content\/uploads\/2021\/01\/Van-de-Arenbosch-Daan-Halle-147x110.jpg 147w, https:\/\/www.cpv-ev.com\/wp-content\/uploads\/2021\/01\/Van-de-Arenbosch-Daan-Halle-300x225.jpg 300w, https:\/\/www.cpv-ev.com\/wp-content\/uploads\/2021\/01\/Van-de-Arenbosch-Daan-Halle-500x375.jpg 500w, https:\/\/www.cpv-ev.com\/wp-content\/uploads\/2021\/01\/Van-de-Arenbosch-Daan-Halle-146x110.jpg 146w, https:\/\/www.cpv-ev.com\/wp-content\/uploads\/2021\/01\/Van-de-Arenbosch-Daan-Halle.jpg 750w\" sizes=\"auto, (max-width: 147px) 100vw, 147px\" \/><\/a> <a href=\"https:\/\/www.cpv-ev.com\/wp-content\/uploads\/2021\/01\/Van-de-Arenbosch-Daan-1.jpg\"><img loading=\"lazy\" decoding=\"async\" class=\"alignnone size-thumbnail wp-image-26083\" src=\"https:\/\/www.cpv-ev.com\/wp-content\/uploads\/2021\/01\/Van-de-Arenbosch-Daan-1-147x110.jpg\" alt=\"\" width=\"147\" height=\"110\" srcset=\"https:\/\/www.cpv-ev.com\/wp-content\/uploads\/2021\/01\/Van-de-Arenbosch-Daan-1-147x110.jpg 147w, https:\/\/www.cpv-ev.com\/wp-content\/uploads\/2021\/01\/Van-de-Arenbosch-Daan-1-300x225.jpg 300w, https:\/\/www.cpv-ev.com\/wp-content\/uploads\/2021\/01\/Van-de-Arenbosch-Daan-1-500x375.jpg 500w, https:\/\/www.cpv-ev.com\/wp-content\/uploads\/2021\/01\/Van-de-Arenbosch-Daan-1-146x110.jpg 146w, https:\/\/www.cpv-ev.com\/wp-content\/uploads\/2021\/01\/Van-de-Arenbosch-Daan-1.jpg 750w\" sizes=\"auto, (max-width: 147px) 100vw, 147px\" \/><\/a><\/p>\n<h5>Nachkommen<\/h5>\n\n<table id=\"tablepress-18\" class=\"tablepress tablepress-id-18 mtr-table mtr-thead-th\">\n<thead>\n<tr class=\"row-1\">\n\t<th class=\"column-1 mtr-th-tag\" data-mtr-content=\"FOTO\"><div class=\"mtr-cell-content\">FOTO<\/div><\/th><th class=\"column-2 mtr-th-tag\" data-mtr-content=\"NAME\"><div class=\"mtr-cell-content\">NAME<\/div><\/th><th class=\"column-3 mtr-th-tag\" data-mtr-content=\"JAHR\"><div class=\"mtr-cell-content\">JAHR<\/div><\/th><th class=\"column-4 mtr-th-tag\" data-mtr-content=\"VATER\"><div class=\"mtr-cell-content\">VATER<\/div><\/th><th class=\"column-5 mtr-th-tag\" data-mtr-content=\"MUTTER\"><div class=\"mtr-cell-content\">MUTTER<\/div><\/th><th class=\"column-6 mtr-th-tag\" data-mtr-content=\"Z\u00dcCHTER\"><div class=\"mtr-cell-content\">Z\u00dcCHTER<\/div><\/th>\n<\/tr>\n<\/thead>\n<tbody class=\"row-striping row-hover\">\n<tr class=\"row-2\">\n\t<td class=\"column-1 mtr-td-tag\" data-mtr-content=\"FOTO\"><div class=\"mtr-cell-content\"><\/div><\/td><td class=\"column-2 mtr-td-tag\" data-mtr-content=\"NAME\"><div class=\"mtr-cell-content\"><b>BAMBA<\/b><br><br>Stute<br>Dunkelbraunfalbe<br>1989<br>144 cm<br><br><\/div><\/td><td class=\"column-3 mtr-td-tag\" data-mtr-content=\"JAHR\"><div class=\"mtr-cell-content\">1989<\/div><\/td><td class=\"column-4 mtr-td-tag\" data-mtr-content=\"VATER\"><div class=\"mtr-cell-content\">Van de Arenbosch Daan<\/div><\/td><td class=\"column-5 mtr-td-tag\" data-mtr-content=\"MUTTER\"><div class=\"mtr-cell-content\">Bruntje<br>v. Rasmus<\/div><\/td><td class=\"column-6 mtr-td-tag\" data-mtr-content=\"Z\u00dcCHTER\"><div class=\"mtr-cell-content\">Hans-J\u00fcrgen Sander<br>48317 Drensteinfurt<br><\/div><\/td>\n<\/tr>\n<tr class=\"row-3\">\n\t<td class=\"column-1 mtr-td-tag\" data-mtr-content=\"FOTO\"><div class=\"mtr-cell-content\"><\/div><\/td><td class=\"column-2 mtr-td-tag\" data-mtr-content=\"NAME\"><div class=\"mtr-cell-content\"><b>CARLEEN<\/b><br><br>Stute<br>Schimmel<br>*24.05.2001<br><br><\/div><\/td><td class=\"column-3 mtr-td-tag\" data-mtr-content=\"JAHR\"><div class=\"mtr-cell-content\">2001<\/div><\/td><td class=\"column-4 mtr-td-tag\" data-mtr-content=\"VATER\"><div class=\"mtr-cell-content\">Van de Arenbosch Daan<\/div><\/td><td class=\"column-5 mtr-td-tag\" data-mtr-content=\"MUTTER\"><div class=\"mtr-cell-content\">Idril<br>v. Lord Elu Thingol \"Elwe\"<\/div><\/td><td class=\"column-6 mtr-td-tag\" data-mtr-content=\"Z\u00dcCHTER\"><div class=\"mtr-cell-content\">Hans-J\u00fcrgen Sander<br>48317 Drensteinfurt<br><\/div><\/td>\n<\/tr>\n<tr class=\"row-4\">\n\t<td class=\"column-1 mtr-td-tag\" data-mtr-content=\"FOTO\"><div class=\"mtr-cell-content\"><\/div><\/td><td class=\"column-2 mtr-td-tag\" data-mtr-content=\"NAME\"><div class=\"mtr-cell-content\"><b>DAJAN<\/b><br>DE441411700801<br><br>Wallach<br>*18.05.2001<br><br><\/div><\/td><td class=\"column-3 mtr-td-tag\" data-mtr-content=\"JAHR\"><div class=\"mtr-cell-content\">2001<\/div><\/td><td class=\"column-4 mtr-td-tag\" data-mtr-content=\"VATER\"><div class=\"mtr-cell-content\">Van de Arenbosch Daan<\/div><\/td><td class=\"column-5 mtr-td-tag\" data-mtr-content=\"MUTTER\"><div class=\"mtr-cell-content\">Duchesse<br>v.  Bigge Boy<\/div><\/td><td class=\"column-6 mtr-td-tag\" data-mtr-content=\"Z\u00dcCHTER\"><div class=\"mtr-cell-content\">Hans-J\u00fcrgen Sander<br>48317 Drensteinfurt<br><\/div><\/td>\n<\/tr>\n<tr class=\"row-5\">\n\t<td class=\"column-1 mtr-td-tag\" data-mtr-content=\"FOTO\"><div class=\"mtr-cell-content\"><\/div><\/td><td class=\"column-2 mtr-td-tag\" data-mtr-content=\"NAME\"><div class=\"mtr-cell-content\"><b>DEBBY <br>VOM STUTENHOF<\/b><br>DE351507004189<br><br>Stute<br>Blue Eyed Cream<br>1989<br><br><\/div><\/td><td class=\"column-3 mtr-td-tag\" data-mtr-content=\"JAHR\"><div class=\"mtr-cell-content\">1989<\/div><\/td><td class=\"column-4 mtr-td-tag\" data-mtr-content=\"VATER\"><div class=\"mtr-cell-content\">Van de Arenbosch Daan<\/div><\/td><td class=\"column-5 mtr-td-tag\" data-mtr-content=\"MUTTER\"><div class=\"mtr-cell-content\">Dunny<br>v. Van de Arenbosch Davey<\/div><\/td><td class=\"column-6 mtr-td-tag\" data-mtr-content=\"Z\u00dcCHTER\"><div class=\"mtr-cell-content\">Hans-J\u00fcrgen Sander<br>48317 Drensteinfurt<br><\/div><\/td>\n<\/tr>\n<tr class=\"row-6\">\n\t<td class=\"column-1 mtr-td-tag\" data-mtr-content=\"FOTO\"><div class=\"mtr-cell-content\"><\/div><\/td><td class=\"column-2 mtr-td-tag\" data-mtr-content=\"NAME\"><div class=\"mtr-cell-content\"><b>DIAMOND DAAN<\/b><br>DE351510608893<br>LGS 7 EUR (2020)<br><br>PARTBRED 50%<br>Wallach<br>Falbe<br>1993<br><br><\/div><\/td><td class=\"column-3 mtr-td-tag\" data-mtr-content=\"JAHR\"><div class=\"mtr-cell-content\">1993<\/div><\/td><td class=\"column-4 mtr-td-tag\" data-mtr-content=\"VATER\"><div class=\"mtr-cell-content\">Van de Arenbosch Daan<\/div><\/td><td class=\"column-5 mtr-td-tag\" data-mtr-content=\"MUTTER\"><div class=\"mtr-cell-content\">Soraya<br>v. Sokrates<\/div><\/td><td class=\"column-6 mtr-td-tag\" data-mtr-content=\"Z\u00dcCHTER\"><div class=\"mtr-cell-content\">Thomas Reuland<br>53501 Grafschaft<\/div><\/td>\n<\/tr>\n<tr class=\"row-7\">\n\t<td class=\"column-1 mtr-td-tag\" data-mtr-content=\"FOTO\"><div class=\"mtr-cell-content\"><a href=\"https:\/\/www.cpv-ev.com\/wp-content\/uploads\/2012\/11\/Donald_vom_Donaumoos.jpg\"><img loading=\"lazy\" decoding=\"async\" src=\"https:\/\/www.cpv-ev.com\/wp-content\/uploads\/2012\/11\/Donald_vom_Donaumoos-110x110.jpg\" alt=\"\" title=\"Donald vom Donaumoos\" width=\"110\" height=\"110\" class=\"alignnone size-thumbnail wp-image-5339\" srcset=\"https:\/\/www.cpv-ev.com\/wp-content\/uploads\/2012\/11\/Donald_vom_Donaumoos-110x110.jpg 110w, https:\/\/www.cpv-ev.com\/wp-content\/uploads\/2012\/11\/Donald_vom_Donaumoos-150x150.jpg 150w, https:\/\/www.cpv-ev.com\/wp-content\/uploads\/2012\/11\/Donald_vom_Donaumoos.jpg 188w\" sizes=\"auto, (max-width: 110px) 100vw, 110px\"><\/a><\/div><\/td><td class=\"column-2 mtr-td-tag\" data-mtr-content=\"NAME\"><div class=\"mtr-cell-content\"><b>DONALD <br>VOM DONAUMOOS<\/b><br><br>Hengst<br>Dunkelfalbschimmel<br>*02.05.2006<br><br><\/div><\/td><td class=\"column-3 mtr-td-tag\" data-mtr-content=\"JAHR\"><div class=\"mtr-cell-content\">2006<\/div><\/td><td class=\"column-4 mtr-td-tag\" data-mtr-content=\"VATER\"><div class=\"mtr-cell-content\">Van de Arenbosch Daan<\/div><\/td><td class=\"column-5 mtr-td-tag\" data-mtr-content=\"MUTTER\"><div class=\"mtr-cell-content\">Trischa vom Donaumoos<br>v. Ladylover<\/div><\/td><td class=\"column-6 mtr-td-tag\" data-mtr-content=\"Z\u00dcCHTER\"><div class=\"mtr-cell-content\">vom Donaumoos<br>Peter Wiedenmann<br>89340 Leipheim<br><\/div><\/td>\n<\/tr>\n<tr class=\"row-8\">\n\t<td class=\"column-1 mtr-td-tag\" data-mtr-content=\"FOTO\"><div class=\"mtr-cell-content\"><\/div><\/td><td class=\"column-2 mtr-td-tag\" data-mtr-content=\"NAME\"><div class=\"mtr-cell-content\"><b>DONELLA<\/b><br><br>Stute<br>Schimmel<br>*28.05.1988<br><br><\/div><\/td><td class=\"column-3 mtr-td-tag\" data-mtr-content=\"JAHR\"><div class=\"mtr-cell-content\">1988<\/div><\/td><td class=\"column-4 mtr-td-tag\" data-mtr-content=\"VATER\"><div class=\"mtr-cell-content\">Van de Arenbosch Daan<\/div><\/td><td class=\"column-5 mtr-td-tag\" data-mtr-content=\"MUTTER\"><div class=\"mtr-cell-content\">Dunny<br>v. Van de Arenbosch Davey<\/div><\/td><td class=\"column-6 mtr-td-tag\" data-mtr-content=\"Z\u00dcCHTER\"><div class=\"mtr-cell-content\">Hans-J\u00fcrgen Sander<br>48317 Drensteinfurt<br><\/div><\/td>\n<\/tr>\n<tr class=\"row-9\">\n\t<td class=\"column-1 mtr-td-tag\" data-mtr-content=\"FOTO\"><div class=\"mtr-cell-content\"><\/div><\/td><td class=\"column-2 mtr-td-tag\" data-mtr-content=\"NAME\"><div class=\"mtr-cell-content\"><b>DONOVAN<\/b><br><br>Wallach<br>Schimmel<br>*03.05.1991<br><br><\/div><\/td><td class=\"column-3 mtr-td-tag\" data-mtr-content=\"JAHR\"><div class=\"mtr-cell-content\">1991<\/div><\/td><td class=\"column-4 mtr-td-tag\" data-mtr-content=\"VATER\"><div class=\"mtr-cell-content\">Van de Arenbosch Daan<\/div><\/td><td class=\"column-5 mtr-td-tag\" data-mtr-content=\"MUTTER\"><div class=\"mtr-cell-content\">Penryn Lucky Millie<br>v. Dunlewey Sonny Jim 690<\/div><\/td><td class=\"column-6 mtr-td-tag\" data-mtr-content=\"Z\u00dcCHTER\"><div class=\"mtr-cell-content\">Hans-J\u00fcrgen Sander<br>48317 Drensteinfurt<br><\/div><\/td>\n<\/tr>\n<tr class=\"row-10\">\n\t<td class=\"column-1 mtr-td-tag\" data-mtr-content=\"FOTO\"><div class=\"mtr-cell-content\"><\/div><\/td><td class=\"column-2 mtr-td-tag\" data-mtr-content=\"NAME\"><div class=\"mtr-cell-content\"><b>DOUGLAS<\/b><br>DOUGLAS 148 (FN)<br>DE341423045390<br><br>Hengst<br>Schimmel<br>*07.05.1990<br><br><\/div><\/td><td class=\"column-3 mtr-td-tag\" data-mtr-content=\"JAHR\"><div class=\"mtr-cell-content\">1990<\/div><\/td><td class=\"column-4 mtr-td-tag\" data-mtr-content=\"VATER\"><div class=\"mtr-cell-content\">Van de Arenbosch Daan<\/div><\/td><td class=\"column-5 mtr-td-tag\" data-mtr-content=\"MUTTER\"><div class=\"mtr-cell-content\">Bruntje<br>v. Rasmus<\/div><\/td><td class=\"column-6 mtr-td-tag\" data-mtr-content=\"Z\u00dcCHTER\"><div class=\"mtr-cell-content\">Hans-J\u00fcrgen Sander<br>48317 Drensteinfurt<br><\/div><\/td>\n<\/tr>\n<tr class=\"row-11\">\n\t<td class=\"column-1 mtr-td-tag\" data-mtr-content=\"FOTO\"><div class=\"mtr-cell-content\"><\/div><\/td><td class=\"column-2 mtr-td-tag\" data-mtr-content=\"NAME\"><div class=\"mtr-cell-content\"><b>DRAGON<\/b><br>DRAGON 24 (FN)<br>DE351507003588<br>LGS 528 EUR (2017)<br><br>Wallach<br>Schimmel<br>1988<br><br><\/div><\/td><td class=\"column-3 mtr-td-tag\" data-mtr-content=\"JAHR\"><div class=\"mtr-cell-content\">1988<\/div><\/td><td class=\"column-4 mtr-td-tag\" data-mtr-content=\"VATER\"><div class=\"mtr-cell-content\">Van de Arenbosch Daan<\/div><\/td><td class=\"column-5 mtr-td-tag\" data-mtr-content=\"MUTTER\"><div class=\"mtr-cell-content\">Eaden Spice<br>v. Corrib 390<\/div><\/td><td class=\"column-6 mtr-td-tag\" data-mtr-content=\"Z\u00dcCHTER\"><div class=\"mtr-cell-content\">Hans-J\u00fcrgen Sander<br>48317 Drensteinfurt<br><\/div><\/td>\n<\/tr>\n<tr class=\"row-12\">\n\t<td class=\"column-1 mtr-td-tag\" data-mtr-content=\"FOTO\"><div class=\"mtr-cell-content\"><\/div><\/td><td class=\"column-2 mtr-td-tag\" data-mtr-content=\"NAME\"><div class=\"mtr-cell-content\"><b>D\u00dcSAN<\/b><br><br>Wallach<br>Blue Eyed Cream<br>1989<br><br><\/div><\/td><td class=\"column-3 mtr-td-tag\" data-mtr-content=\"JAHR\"><div class=\"mtr-cell-content\">1989<\/div><\/td><td class=\"column-4 mtr-td-tag\" data-mtr-content=\"VATER\"><div class=\"mtr-cell-content\">Van de Arenbosch Daan<\/div><\/td><td class=\"column-5 mtr-td-tag\" data-mtr-content=\"MUTTER\"><div class=\"mtr-cell-content\">Eaden Spice<br>v. Corrib 391<\/div><\/td><td class=\"column-6 mtr-td-tag\" data-mtr-content=\"Z\u00dcCHTER\"><div class=\"mtr-cell-content\">Hans-J\u00fcrgen Sander<br>48317 Drensteinfurt<br><\/div><\/td>\n<\/tr>\n<tr class=\"row-13\">\n\t<td class=\"column-1 mtr-td-tag\" data-mtr-content=\"FOTO\"><div class=\"mtr-cell-content\"><\/div><\/td><td class=\"column-2 mtr-td-tag\" data-mtr-content=\"NAME\"><div class=\"mtr-cell-content\"><b>LADY DUANA<\/b><br>DE351510706292<br><br>Stute<br>Schimmel<br>1992<br>143 cm<br><br><\/div><\/td><td class=\"column-3 mtr-td-tag\" data-mtr-content=\"JAHR\"><div class=\"mtr-cell-content\">1992<\/div><\/td><td class=\"column-4 mtr-td-tag\" data-mtr-content=\"VATER\"><div class=\"mtr-cell-content\">Van de Arenbosch Daan<\/div><\/td><td class=\"column-5 mtr-td-tag\" data-mtr-content=\"MUTTER\"><div class=\"mtr-cell-content\">Anka<br>v. Maigraf<\/div><\/td><td class=\"column-6 mtr-td-tag\" data-mtr-content=\"Z\u00dcCHTER\"><div class=\"mtr-cell-content\">Hans Schmitz<br>53501 Grafschaft<\/div><\/td>\n<\/tr>\n<tr class=\"row-14\">\n\t<td class=\"column-1 mtr-td-tag\" data-mtr-content=\"FOTO\"><div class=\"mtr-cell-content\"><\/div><\/td><td class=\"column-2 mtr-td-tag\" data-mtr-content=\"NAME\"><div class=\"mtr-cell-content\"><b>MELIAN<\/b><br><br>Stute<br>Schimmel<br>*12.05.1990<br><br><\/div><\/td><td class=\"column-3 mtr-td-tag\" data-mtr-content=\"JAHR\"><div class=\"mtr-cell-content\">1990<\/div><\/td><td class=\"column-4 mtr-td-tag\" data-mtr-content=\"VATER\"><div class=\"mtr-cell-content\">Van de Arenbosch Daan<\/div><\/td><td class=\"column-5 mtr-td-tag\" data-mtr-content=\"MUTTER\"><div class=\"mtr-cell-content\">Penryn Lucky Millie<br>v. Dunlewey Sonny Jim 690<\/div><\/td><td class=\"column-6 mtr-td-tag\" data-mtr-content=\"Z\u00dcCHTER\"><div class=\"mtr-cell-content\">Hans-J\u00fcrgen Sander<br>48317 Drensteinfurt<br><\/div><\/td>\n<\/tr>\n<tr class=\"row-15\">\n\t<td class=\"column-1 mtr-td-tag\" data-mtr-content=\"FOTO\"><div class=\"mtr-cell-content\"><\/div><\/td><td class=\"column-2 mtr-td-tag\" data-mtr-content=\"NAME\"><div class=\"mtr-cell-content\"><b>N.N.<\/b><br><br>Stute<br>*29.05.2002<br><br><\/div><\/td><td class=\"column-3 mtr-td-tag\" data-mtr-content=\"JAHR\"><div class=\"mtr-cell-content\">2002<\/div><\/td><td class=\"column-4 mtr-td-tag\" data-mtr-content=\"VATER\"><div class=\"mtr-cell-content\">Van de Arenbosch Daan<\/div><\/td><td class=\"column-5 mtr-td-tag\" data-mtr-content=\"MUTTER\"><div class=\"mtr-cell-content\">Giella<br>v. Gun<\/div><\/td><td class=\"column-6 mtr-td-tag\" data-mtr-content=\"Z\u00dcCHTER\"><div class=\"mtr-cell-content\">Hans-J\u00fcrgen Sander<br>48317 Drensteinfurt<br><\/div><\/td>\n<\/tr>\n<tr class=\"row-16\">\n\t<td class=\"column-1 mtr-td-tag\" data-mtr-content=\"FOTO\"><div class=\"mtr-cell-content\"><\/div><\/td><td class=\"column-2 mtr-td-tag\" data-mtr-content=\"NAME\"><div class=\"mtr-cell-content\"><b>N.N.<\/b><br><br>Wallach<br>*26.04.2000<br><br><\/div><\/td><td class=\"column-3 mtr-td-tag\" data-mtr-content=\"JAHR\"><div class=\"mtr-cell-content\">2000<\/div><\/td><td class=\"column-4 mtr-td-tag\" data-mtr-content=\"VATER\"><div class=\"mtr-cell-content\">Van de Arenbosch Daan<\/div><\/td><td class=\"column-5 mtr-td-tag\" data-mtr-content=\"MUTTER\"><div class=\"mtr-cell-content\">Idril<br>v. Lord Elu Thingol \"Elwe\"<\/div><\/td><td class=\"column-6 mtr-td-tag\" data-mtr-content=\"Z\u00dcCHTER\"><div class=\"mtr-cell-content\">Hans-J\u00fcrgen Sander<br>48317 Drensteinfurt<br><\/div><\/td>\n<\/tr>\n<tr class=\"row-17\">\n\t<td class=\"column-1 mtr-td-tag\" data-mtr-content=\"FOTO\"><div class=\"mtr-cell-content\"><\/div><\/td><td class=\"column-2 mtr-td-tag\" data-mtr-content=\"NAME\"><div class=\"mtr-cell-content\"><b>MAXI<\/b><br>MAXI 382 (FN)<br>DE441412116100<br><br>Stute<br>Braun<br>2000<br><br><\/div><\/td><td class=\"column-3 mtr-td-tag\" data-mtr-content=\"JAHR\"><div class=\"mtr-cell-content\">2000<\/div><\/td><td class=\"column-4 mtr-td-tag\" data-mtr-content=\"VATER\"><div class=\"mtr-cell-content\">Van de Arenbosch Daan<\/div><\/td><td class=\"column-5 mtr-td-tag\" data-mtr-content=\"MUTTER\"><div class=\"mtr-cell-content\">Wamp<br>v. Rasmus<\/div><\/td><td class=\"column-6 mtr-td-tag\" data-mtr-content=\"Z\u00dcCHTER\"><div class=\"mtr-cell-content\">Knut Gerlach<br>49504 Lotte<\/div><\/td>\n<\/tr>\n<\/tbody>\n<\/table>\n\n","protected":false},"excerpt":{"rendered":"<p>&nbsp; Farbe: Falbchimmel Hengstbuch: Westfalen HB I Geboren: 1983 Leistungspr\u00fcfung: 1990 M\u00fcnster-Handorf, 30 TT, WN 7,08 (Rang 21\/27) Stockma\u00df: 146 cm Tr\u00e4ger des Creme-Faktors: ja R\u00f6hrbein: Tr\u00e4ger des Fuchsgens: unbekannt Ausgeschieden: Gek\u00f6rte S\u00f6hne: keine Eingetragene Stuten: 5 davon StPrSt: &#8211; <a class=\"more-link\" href=\"https:\/\/www.cpv-ev.com\/?page_id=1775\"><span class=\"screen-reader-text\">  Van de Arenbosch Daan<\/span> weiterlesen<span class=\"meta-nav\">&rarr;<\/span><\/a><\/p>\n","protected":false},"author":1,"featured_media":0,"parent":11823,"menu_order":0,"comment_status":"closed","ping_status":"closed","template":"","meta":{"ngg_post_thumbnail":0,"footnotes":""},"class_list":["post-1775","page","type-page","status-publish","hentry"],"_links":{"self":[{"href":"https:\/\/www.cpv-ev.com\/index.php?rest_route=\/wp\/v2\/pages\/1775","targetHints":{"allow":["GET"]}}],"collection":[{"href":"https:\/\/www.cpv-ev.com\/index.php?rest_route=\/wp\/v2\/pages"}],"about":[{"href":"https:\/\/www.cpv-ev.com\/index.php?rest_route=\/wp\/v2\/types\/page"}],"author":[{"embeddable":true,"href":"https:\/\/www.cpv-ev.com\/index.php?rest_route=\/wp\/v2\/users\/1"}],"replies":[{"embeddable":true,"href":"https:\/\/www.cpv-ev.com\/index.php?rest_route=%2Fwp%2Fv2%2Fcomments&post=1775"}],"version-history":[{"count":0,"href":"https:\/\/www.cpv-ev.com\/index.php?rest_route=\/wp\/v2\/pages\/1775\/revisions"}],"up":[{"embeddable":true,"href":"https:\/\/www.cpv-ev.com\/index.php?rest_route=\/wp\/v2\/pages\/11823"}],"wp:attachment":[{"href":"https:\/\/www.cpv-ev.com\/index.php?rest_route=%2Fwp%2Fv2%2Fmedia&parent=1775"}],"curies":[{"name":"wp","href":"https:\/\/api.w.org\/{rel}","templated":true}]}}