{"id":1701,"date":"2012-07-25T13:13:52","date_gmt":"2012-07-25T11:13:52","guid":{"rendered":"https:\/\/www.cpv-ev.com\/?page_id=1701"},"modified":"2018-04-12T11:07:41","modified_gmt":"2018-04-12T09:07:41","slug":"patriks-meara","status":"publish","type":"page","link":"https:\/\/www.cpv-ev.com\/?page_id=1701","title":{"rendered":"Patriks M\u00e9ara"},"content":{"rendered":"<p>&nbsp;<\/p>\n<table cellspacing=\"0\" cellpadding=\"0\" border=\"1\">\n<tbody>\n<tr>\n<td width=\"359\" valign=\"top\"><strong>Farbe:<\/strong> Fuchsschimmel<\/td>\n<td width=\"359\" valign=\"top\"><strong>Hengstbuch:<\/strong> Bayern HB II<\/td>\n<\/tr>\n<tr>\n<td width=\"359\" valign=\"top\"><strong>Geboren:<\/strong> 2007<\/td>\n<td width=\"359\" valign=\"top\"><strong>Leistungspr\u00fcfung: <\/strong>keine<em><br \/>\n<\/em><\/td>\n<\/tr>\n<tr>\n<td width=\"359\" valign=\"top\"><strong>Stockma\u00df: <\/strong>146 cm<\/td>\n<td width=\"359\" valign=\"top\"><strong>Tr\u00e4ger des Creme-Faktors:<\/strong> nein<\/td>\n<\/tr>\n<tr>\n<td width=\"359\" valign=\"top\"><strong>R\u00f6hrbein: <\/strong><strong><br \/>\n<\/strong><\/td>\n<td width=\"359\" valign=\"top\"><strong>Tr\u00e4ger des Fuchsgens:<\/strong> ja<\/td>\n<\/tr>\n<tr>\n<td width=\"359\" valign=\"top\"><strong>Ausgeschieden:<\/strong><\/td>\n<td width=\"359\" valign=\"top\">&nbsp;<\/td>\n<\/tr>\n<tr>\n<td width=\"359\" valign=\"top\"><img loading=\"lazy\" decoding=\"async\" class=\"alignnone size-full wp-image-232\" src=\"https:\/\/www.cpv-ev.com\/wp-content\/uploads\/2012\/07\/trans240x10.gif\" alt=\"trans240x10\" width=\"240\" height=\"10\" srcset=\"https:\/\/www.cpv-ev.com\/wp-content\/uploads\/2012\/07\/trans240x10.gif 240w, https:\/\/www.cpv-ev.com\/wp-content\/uploads\/2012\/07\/trans240x10-225x10.gif 225w\" sizes=\"auto, (max-width: 240px) 100vw, 240px\" \/><\/td>\n<td width=\"359\" valign=\"top\">&nbsp;<\/td>\n<\/tr>\n<tr>\n<td width=\"359\" valign=\"top\"><strong>Gek\u00f6rte S\u00f6hne: <\/strong>keine<em><br \/>\n<\/em><\/td>\n<td width=\"359\" valign=\"top\"><strong>Eingetragene Stuten: <\/strong>&#8211;<strong><br \/>\n<\/strong><\/td>\n<\/tr>\n<tr>\n<td width=\"359\" valign=\"top\">&nbsp;<\/td>\n<td width=\"359\" valign=\"top\"><strong>davon StPrSt: <\/strong>&#8211;<strong><br \/>\n<\/strong><\/td>\n<\/tr>\n<tr>\n<td width=\"359\" valign=\"top\"><img loading=\"lazy\" decoding=\"async\" src=\"https:\/\/www.cpv-ev.com\/wp-content\/uploads\/2012\/07\/trans240x10.gif\" alt=\"trans240x10\" width=\"240\" height=\"10\"><\/td>\n<td width=\"359\" valign=\"top\">&nbsp;<\/td>\n<\/tr>\n<tr>\n<td width=\"359\" valign=\"top\"><strong>Lebensgewinnsumme:<\/strong> &#8211;<img loading=\"lazy\" decoding=\"async\" class=\"alignnone size-full wp-image-232\" title=\"trans240x10\" src=\"https:\/\/www.cpv-ev.com\/wp-content\/uploads\/2012\/07\/trans240x10.gif\" alt=\"\" width=\"100\" height=\"20\"><\/td>\n<td width=\"359\" valign=\"top\"><strong>Nachkommen-LGS: <\/strong>&#8211;<strong><br \/>\n<\/strong><\/td>\n<\/tr>\n<tr>\n<td colspan=\"2\" width=\"717\" valign=\"top\"><img loading=\"lazy\" decoding=\"async\" src=\"https:\/\/www.cpv-ev.com\/wp-content\/uploads\/2012\/07\/trans240x10.gif\" alt=\"trans240x10\" width=\"240\" height=\"10\"><\/td>\n<\/tr>\n<tr>\n<td colspan=\"2\" width=\"717\" valign=\"top\"><strong><strong>Z\u00fcchter: <\/strong><\/strong>Ulrike Kr\u00fcger-Schedel &amp; Patrik Schedel, Gest\u00fct Patriks, 95477 Weidenberg<strong><strong><br \/>\n<\/strong><\/strong><strong>Besitzer: <\/strong>Ulrike Kr\u00fcger-Schedel, Gest\u00fct Patriks, 95477 Weidenberg<\/td>\n<\/tr>\n<tr>\n<td width=\"359\" valign=\"top\">&nbsp;<\/td>\n<td width=\"359\" valign=\"top\">&nbsp;<\/td>\n<\/tr>\n<tr>\n<td colspan=\"2\" width=\"717\" valign=\"top\">&nbsp;<\/td>\n<\/tr>\n<\/tbody>\n<\/table>\n<h5>&nbsp;Pedigree<\/h5>\n<p><img loading=\"lazy\" decoding=\"async\" class=\"alignnone size-full wp-image-11872\" src=\"https:\/\/www.cpv-ev.com\/wp-content\/uploads\/2014\/06\/Patriks-Meara.jpg\" alt=\"Patriks Meara\" width=\"680\" height=\"310\" srcset=\"https:\/\/www.cpv-ev.com\/wp-content\/uploads\/2014\/06\/Patriks-Meara.jpg 680w, https:\/\/www.cpv-ev.com\/wp-content\/uploads\/2014\/06\/Patriks-Meara-241x110.jpg 241w, https:\/\/www.cpv-ev.com\/wp-content\/uploads\/2014\/06\/Patriks-Meara-300x136.jpg 300w, https:\/\/www.cpv-ev.com\/wp-content\/uploads\/2014\/06\/Patriks-Meara-500x227.jpg 500w\" sizes=\"auto, (max-width: 680px) 100vw, 680px\" \/><\/p>\n<h5>Galerie<\/h5>\n<p><a href=\"https:\/\/www.cpv-ev.com\/wp-content\/uploads\/2012\/07\/Patriks_Meara.jpg\"><img loading=\"lazy\" decoding=\"async\" class=\"alignnone size-thumbnail wp-image-1702\" title=\"Patriks M\u00e9ara\" src=\"https:\/\/www.cpv-ev.com\/wp-content\/uploads\/2012\/07\/Patriks_Meara-129x110.jpg\" alt=\"\" width=\"129\" height=\"110\" srcset=\"https:\/\/www.cpv-ev.com\/wp-content\/uploads\/2012\/07\/Patriks_Meara-129x110.jpg 129w, https:\/\/www.cpv-ev.com\/wp-content\/uploads\/2012\/07\/Patriks_Meara-300x255.jpg 300w, https:\/\/www.cpv-ev.com\/wp-content\/uploads\/2012\/07\/Patriks_Meara.jpg 411w\" sizes=\"auto, (max-width: 129px) 100vw, 129px\" \/><\/a><\/p>\n<p>Foto: Ponander<\/p>\n<h5>Nachkommen<\/h5>\n\n<table id=\"tablepress-18\" class=\"tablepress tablepress-id-18\">\n<thead>\n<tr class=\"row-1\">\n\t<th class=\"column-1\">FOTO<\/th><th class=\"column-2\">NAME<\/th><th class=\"column-3\">JAHR<\/th><th class=\"column-4\">VATER<\/th><th class=\"column-5\">MUTTER<\/th><th class=\"column-6\">Z\u00dcCHTER<\/th>\n<\/tr>\n<\/thead>\n<tbody class=\"row-striping row-hover\">\n<\/tbody>\n<\/table>\n<!-- #tablepress-18 from cache -->\n","protected":false},"excerpt":{"rendered":"<p>&nbsp; Farbe: Fuchsschimmel Hengstbuch: Bayern HB II Geboren: 2007 Leistungspr\u00fcfung: keine Stockma\u00df: 146 cm Tr\u00e4ger des Creme-Faktors: nein R\u00f6hrbein: Tr\u00e4ger des Fuchsgens: ja Ausgeschieden: &nbsp; &nbsp; Gek\u00f6rte S\u00f6hne: keine Eingetragene Stuten: &#8211; &nbsp; davon StPrSt: &#8211; &nbsp; Lebensgewinnsumme: &#8211; Nachkommen-LGS: <a class=\"more-link\" href=\"https:\/\/www.cpv-ev.com\/?page_id=1701\"><span class=\"screen-reader-text\">  Patriks M\u00e9ara<\/span> weiterlesen<span class=\"meta-nav\">&rarr;<\/span><\/a><\/p>\n","protected":false},"author":1,"featured_media":0,"parent":11819,"menu_order":0,"comment_status":"closed","ping_status":"closed","template":"","meta":{"ngg_post_thumbnail":0,"footnotes":""},"class_list":["post-1701","page","type-page","status-publish","hentry"],"_links":{"self":[{"href":"https:\/\/www.cpv-ev.com\/index.php?rest_route=\/wp\/v2\/pages\/1701","targetHints":{"allow":["GET"]}}],"collection":[{"href":"https:\/\/www.cpv-ev.com\/index.php?rest_route=\/wp\/v2\/pages"}],"about":[{"href":"https:\/\/www.cpv-ev.com\/index.php?rest_route=\/wp\/v2\/types\/page"}],"author":[{"embeddable":true,"href":"https:\/\/www.cpv-ev.com\/index.php?rest_route=\/wp\/v2\/users\/1"}],"replies":[{"embeddable":true,"href":"https:\/\/www.cpv-ev.com\/index.php?rest_route=%2Fwp%2Fv2%2Fcomments&post=1701"}],"version-history":[{"count":0,"href":"https:\/\/www.cpv-ev.com\/index.php?rest_route=\/wp\/v2\/pages\/1701\/revisions"}],"up":[{"embeddable":true,"href":"https:\/\/www.cpv-ev.com\/index.php?rest_route=\/wp\/v2\/pages\/11819"}],"wp:attachment":[{"href":"https:\/\/www.cpv-ev.com\/index.php?rest_route=%2Fwp%2Fv2%2Fmedia&parent=1701"}],"curies":[{"name":"wp","href":"https:\/\/api.w.org\/{rel}","templated":true}]}}