{"id":12891,"date":"2014-12-06T15:44:53","date_gmt":"2014-12-06T13:44:53","guid":{"rendered":"https:\/\/www.cpv-ev.com\/?page_id=12891"},"modified":"2026-04-20T10:44:12","modified_gmt":"2026-04-20T08:44:12","slug":"ansprechpartner","status":"publish","type":"page","link":"https:\/\/www.cpv-ev.com\/?page_id=12891","title":{"rendered":"Ansprechpartner"},"content":{"rendered":"<p>&nbsp;<\/p>\n<p>Ihre <strong>Ansprechpartner<\/strong> in Sachen Connemara in Deutschland sind:<\/p>\n<p>&nbsp;<\/p>\n<p>&nbsp;<\/p>\n<p><span style=\"text-decoration: underline;\"><a href=\"https:\/\/www.cpv-ev.com\/?page_id=12893\" target=\"_blank\" rel=\"noopener noreferrer\"><strong>Die Deutschen Ponyzuchtverb\u00e4nde<\/strong><\/a><\/span>, die sich in der <strong>Arbeitsgemeinschaft Deutscher Ponyzuchtverb\u00e4nde (AGP)<\/strong> zusammengeschlossen haben<\/p>\n<p>&nbsp;<\/p>\n<p>sind u.a. mit folgenden Aufgaben betreut:<\/p>\n<p>&#8211; F\u00fchren des Stutbuchs (Identifikation von Zuchttieren \/Ausstellung von Zuchtbescheinigungen und Equidenp\u00e4ssen)<\/p>\n<p>&#8211; Zuchtleitung (Erarbeitung und Realisierung von Zuchtprogrammen, Selektion von Zuchttieren, Organisation von Leistungspr\u00fcfungen<br \/>\nund Schauen, Beratung der Z\u00fcchter)<\/p>\n<p>&#8211; Vermarktung (Organisation von Absatzveranstaltungen, Werbung, PR- und \u00d6ffentlichkeitsarbeit)<\/p>\n<p>&#8211; Wahl von Rassevertretern: jeder Zuchtverband hat die M\u00f6glichkeit, f\u00fcr die verschiedenen Rassen einen Rassevertreter aufzustellen.<\/p>\n<p>&nbsp;<\/p>\n<p>&nbsp;<\/p>\n<p><strong>Die Rassevertreter<\/strong> in den Ponyzuchtverb\u00e4nden:<\/p>\n<p>&nbsp;<\/p>\n<p>Schleswig-Holstein\/ Hamburg: Sabine Prigge, Meike Bellmann-G\u00e4thje (allgemeine Vertreterinnen f\u00fcr zahlenm\u00e4\u00dfig kleine Rassen)<\/p>\n<p>Hannover: Susanne Lehmann<\/p>\n<p>Hessen: Timmy Kreuzer<\/p>\n<p>Rheinland: Heidi Deryck<\/p>\n<p>Bayern: Alexandra Kr\u00e4mer, Melanie Regnet (Vertretung)<\/p>\n<p>ZfdP: Ulla Connolly<\/p>\n<p>&nbsp;<\/p>\n<p style=\"text-align: justify;\">Die Rassevertreter der Zuchtverb\u00e4nde sind f\u00fcr den Informationsfluss zwischen den Z\u00fcchtern und den Verb\u00e4nden zust\u00e4ndig. Sie bereiten \u00c4nderungen des Zuchtprogramms und der Zuchtbuchordung vor. Sie sind Mitglieder des FN-Rasseparlaments. In den meisten Verb\u00e4nden sind sie zudem f\u00fcr ihre Rasse Mitglied der K\u00f6rkommission.<\/p>\n<p>&nbsp;<\/p>\n<p>&nbsp;<\/p>\n<p><strong>Die Interessenverb\u00e4nde <\/strong>mit ihren Vorstandsmitgliedern<strong><br \/>\n<\/strong><\/p>\n<p>&nbsp;<\/p>\n<p>&#8211; <strong>Connemara Pony Vereinigung e.V.<\/strong><\/p>\n<p>Wilhelminenstr. 13<\/p>\n<p>45479 M\u00fclheim<\/p>\n<p><a href=\"https:\/\/www.cpv-ev.com\">https:\/\/www.cpv-ev.com<\/a><\/p>\n<p>&nbsp;<\/p>\n<p>&#8211; <strong>Connemara Pony Interessengemeinschaft e.V.<\/strong><\/p>\n<p>An den Weiden 2<\/p>\n<p>56154 Boppard<\/p>\n<p><a href=\"https:\/\/www.connemara-pony-ig.de\/\" target=\"_blank\" rel=\"noopener noreferrer\">https:\/\/www.connemara-pony-ig.de\/<\/a><\/p>\n<p>&nbsp;<\/p>\n<p>&nbsp;<\/p>\n<p><strong>Das FN-Rasseparlament<\/strong><\/p>\n<p>&nbsp;<\/p>\n<p style=\"text-align: justify;\">bildet sich aus den gew\u00e4hlten Rassevertretern und den Zuchtleitern der Zuchtverb\u00e4nde. Im Rasseparlament, dass alle vier Jahre einberufen wird, werden alle wichtigen Fragen zur Rasseentwicklung besprochen und abgestimmt. Die Informationen werden \u00fcber die Zuchtleiter bzw. die Rassevertreter an die Z\u00fcchterschaft weitergegeben. Aus dem FN-Rasseparlament wird der FN-Rassebeirat gew\u00e4hlt.<\/p>\n<p>&nbsp;<\/p>\n<p>&nbsp;<\/p>\n<p><strong>Der FN-Rassebeirat<\/strong><\/p>\n<p>&nbsp;<\/p>\n<p>Claudia Eikermann (Zuchtleitung Bayern)<\/p>\n<p>Volker Hofmeister (Zuchtleitung Hannover)<\/p>\n<p>Dr. Sabine Bachmann (Rassevertretung Hessen)<\/p>\n<p>Susanne Lehmann (Rassevertretung Hannover)<\/p>\n<p>Sabine Dr\u00f6ge (gemeinsame Vertreterin der Connemarapony Vereinigung e.V. und Connemara Pony Interessengemeinschaft e.V.)<\/p>\n<p>Alexandra Kr\u00e4mer (Rassevertretung Bayern)<\/p>\n<p>&nbsp;<\/p>\n<p>&nbsp;<\/p>\n<p><a href=\"https:\/\/www.pferd-aktuell.de\" target=\"_blank\" rel=\"noopener noreferrer\"><strong>Die Deutsche Reiterliche Vereinigung (FN) Bereich Zucht<\/strong><\/a><\/p>\n","protected":false},"excerpt":{"rendered":"<p>&nbsp; Ihre Ansprechpartner in Sachen Connemara in Deutschland sind: &nbsp; &nbsp; Die Deutschen Ponyzuchtverb\u00e4nde, die sich in der Arbeitsgemeinschaft Deutscher Ponyzuchtverb\u00e4nde (AGP) zusammengeschlossen haben &nbsp; sind u.a. mit folgenden Aufgaben betreut: &#8211; F\u00fchren des Stutbuchs (Identifikation von Zuchttieren \/Ausstellung von <a class=\"more-link\" href=\"https:\/\/www.cpv-ev.com\/?page_id=12891\"><span class=\"screen-reader-text\">  Ansprechpartner<\/span> weiterlesen<span class=\"meta-nav\">&rarr;<\/span><\/a><\/p>\n","protected":false},"author":2,"featured_media":0,"parent":0,"menu_order":0,"comment_status":"closed","ping_status":"closed","template":"","meta":{"ngg_post_thumbnail":0,"footnotes":""},"class_list":["post-12891","page","type-page","status-publish","hentry"],"_links":{"self":[{"href":"https:\/\/www.cpv-ev.com\/index.php?rest_route=\/wp\/v2\/pages\/12891","targetHints":{"allow":["GET"]}}],"collection":[{"href":"https:\/\/www.cpv-ev.com\/index.php?rest_route=\/wp\/v2\/pages"}],"about":[{"href":"https:\/\/www.cpv-ev.com\/index.php?rest_route=\/wp\/v2\/types\/page"}],"author":[{"embeddable":true,"href":"https:\/\/www.cpv-ev.com\/index.php?rest_route=\/wp\/v2\/users\/2"}],"replies":[{"embeddable":true,"href":"https:\/\/www.cpv-ev.com\/index.php?rest_route=%2Fwp%2Fv2%2Fcomments&post=12891"}],"version-history":[{"count":6,"href":"https:\/\/www.cpv-ev.com\/index.php?rest_route=\/wp\/v2\/pages\/12891\/revisions"}],"predecessor-version":[{"id":30032,"href":"https:\/\/www.cpv-ev.com\/index.php?rest_route=\/wp\/v2\/pages\/12891\/revisions\/30032"}],"wp:attachment":[{"href":"https:\/\/www.cpv-ev.com\/index.php?rest_route=%2Fwp%2Fv2%2Fmedia&parent=12891"}],"curies":[{"name":"wp","href":"https:\/\/api.w.org\/{rel}","templated":true}]}}