{"id":12107,"date":"2014-06-08T13:41:43","date_gmt":"2014-06-08T11:41:43","guid":{"rendered":"https:\/\/www.cpv-ev.com\/?page_id=12107"},"modified":"2021-02-02T10:59:32","modified_gmt":"2021-02-02T08:59:32","slug":"larein-duke","status":"publish","type":"page","link":"https:\/\/www.cpv-ev.com\/?page_id=12107","title":{"rendered":"Duke"},"content":{"rendered":"<p>&nbsp;<\/p>\n<table cellspacing=\"0\" cellpadding=\"0\" border=\"1\">\n<tbody>\n<tr>\n<td width=\"359\" valign=\"top\"><strong>Farbe:<\/strong> Falbe<\/td>\n<td width=\"359\" valign=\"top\"><strong>Hengstbuch:<\/strong> Rheinland HB I<\/td>\n<\/tr>\n<tr>\n<td width=\"359\" valign=\"top\"><strong>Geboren:<\/strong> 2002<\/td>\n<td width=\"359\" valign=\"top\"><strong>Leistungspr\u00fcfung: <\/strong>keine<\/td>\n<\/tr>\n<tr>\n<td width=\"359\" valign=\"top\"><strong>Stockma\u00df: <\/strong>144 cm<strong><br \/>\n<\/strong><\/td>\n<td width=\"359\" valign=\"top\"><strong>Tr\u00e4ger des Creme-Faktors:<\/strong> ja<\/td>\n<\/tr>\n<tr>\n<td width=\"359\" valign=\"top\"><strong>R\u00f6hrbein: <\/strong>18,5 cm<strong><br \/>\n<\/strong><\/td>\n<td width=\"359\" valign=\"top\"><strong>Tr\u00e4ger des Fuchsgens:<\/strong> unbekannt<\/td>\n<\/tr>\n<tr>\n<td width=\"359\" valign=\"top\"><strong>Ausgeschieden: <\/strong>kastriert<strong><br \/>\n<\/strong><\/td>\n<td width=\"359\" valign=\"top\"><\/td>\n<\/tr>\n<tr>\n<td width=\"359\" valign=\"top\"><img loading=\"lazy\" decoding=\"async\" class=\"alignnone size-full wp-image-232\" src=\"https:\/\/www.cpv-ev.com\/wp-content\/uploads\/2012\/07\/trans240x10.gif\" alt=\"trans240x10\" width=\"240\" height=\"10\" srcset=\"https:\/\/www.cpv-ev.com\/wp-content\/uploads\/2012\/07\/trans240x10.gif 240w, https:\/\/www.cpv-ev.com\/wp-content\/uploads\/2012\/07\/trans240x10-225x10.gif 225w\" sizes=\"auto, (max-width: 240px) 100vw, 240px\" \/><\/td>\n<td width=\"359\" valign=\"top\"><\/td>\n<\/tr>\n<tr>\n<td width=\"359\" valign=\"top\"><strong>Gek\u00f6rte S\u00f6hne: <\/strong>keine<strong><br \/>\n<\/strong><\/td>\n<td width=\"359\" valign=\"top\"><strong>Eingetragene Stuten: <\/strong>&#8211;<strong><br \/>\n<\/strong><\/td>\n<\/tr>\n<tr>\n<td width=\"359\" valign=\"top\"><\/td>\n<td width=\"359\" valign=\"top\"><strong>davon StPrSt: <\/strong>&#8211;<strong><br \/>\n<\/strong><\/td>\n<\/tr>\n<tr>\n<td width=\"359\" valign=\"top\"><img loading=\"lazy\" decoding=\"async\" src=\"https:\/\/www.cpv-ev.com\/wp-content\/uploads\/2012\/07\/trans240x10.gif\" alt=\"trans240x10\" width=\"240\" height=\"10\"><\/td>\n<td width=\"359\" valign=\"top\"><\/td>\n<\/tr>\n<tr>\n<td width=\"359\" valign=\"top\"><strong>Lebensgewinnsumme:<\/strong> &#8211;<img loading=\"lazy\" decoding=\"async\" class=\"alignnone size-full wp-image-232\" title=\"trans240x10\" src=\"https:\/\/www.cpv-ev.com\/wp-content\/uploads\/2012\/07\/trans240x10.gif\" alt=\"\" width=\"100\" height=\"20\"><\/td>\n<td width=\"359\" valign=\"top\"><strong>Nachkommen-LGS: <\/strong>&#8211;<strong><br \/>\n<\/strong><\/td>\n<\/tr>\n<tr>\n<td colspan=\"2\" width=\"717\" valign=\"top\"><img loading=\"lazy\" decoding=\"async\" src=\"https:\/\/www.cpv-ev.com\/wp-content\/uploads\/2012\/07\/trans240x10.gif\" alt=\"trans240x10\" width=\"240\" height=\"10\"><\/td>\n<\/tr>\n<tr>\n<td colspan=\"2\" width=\"717\" valign=\"top\"><strong><strong>Z\u00fcchter: <\/strong><\/strong>Hans-Joachim Reinboth, 53639 K\u00f6nigswinter<br \/>\n<strong>Besitzer:&nbsp;<\/strong>Petra Reinboth, 53639 K\u00f6nigswinter<\/td>\n<\/tr>\n<\/tbody>\n<\/table>\n<h5>Pedigree<\/h5>\n<p><img loading=\"lazy\" decoding=\"async\" class=\"alignnone size-full wp-image-12626\" src=\"https:\/\/www.cpv-ev.com\/wp-content\/uploads\/2014\/06\/Larein-Duke.jpg\" alt=\"Larein Duke\" width=\"680\" height=\"310\" srcset=\"https:\/\/www.cpv-ev.com\/wp-content\/uploads\/2014\/06\/Larein-Duke.jpg 680w, https:\/\/www.cpv-ev.com\/wp-content\/uploads\/2014\/06\/Larein-Duke-241x110.jpg 241w, https:\/\/www.cpv-ev.com\/wp-content\/uploads\/2014\/06\/Larein-Duke-300x136.jpg 300w, https:\/\/www.cpv-ev.com\/wp-content\/uploads\/2014\/06\/Larein-Duke-500x227.jpg 500w\" sizes=\"auto, (max-width: 680px) 100vw, 680px\" \/><\/p>\n<h5>Galerie<\/h5>\n<p><a href=\"https:\/\/www.cpv-ev.com\/wp-content\/uploads\/2013\/11\/Larein-Duke.jpg\"><img loading=\"lazy\" decoding=\"async\" class=\"alignnone size-thumbnail wp-image-7199\" src=\"https:\/\/www.cpv-ev.com\/wp-content\/uploads\/2013\/11\/Larein-Duke-164x110.jpg\" alt=\"\" width=\"164\" height=\"110\" srcset=\"https:\/\/www.cpv-ev.com\/wp-content\/uploads\/2013\/11\/Larein-Duke-164x110.jpg 164w, https:\/\/www.cpv-ev.com\/wp-content\/uploads\/2013\/11\/Larein-Duke.jpg 283w\" sizes=\"auto, (max-width: 164px) 100vw, 164px\" \/>&nbsp; <\/a><a href=\"https:\/\/www.cpv-ev.com\/wp-content\/uploads\/2021\/02\/Duke.jpg\"><img loading=\"lazy\" decoding=\"async\" class=\"alignnone size-thumbnail wp-image-26202\" src=\"https:\/\/www.cpv-ev.com\/wp-content\/uploads\/2021\/02\/Duke-148x110.jpg\" alt=\"\" width=\"148\" height=\"110\" srcset=\"https:\/\/www.cpv-ev.com\/wp-content\/uploads\/2021\/02\/Duke-148x110.jpg 148w, https:\/\/www.cpv-ev.com\/wp-content\/uploads\/2021\/02\/Duke-300x225.jpg 300w, https:\/\/www.cpv-ev.com\/wp-content\/uploads\/2021\/02\/Duke-500x372.jpg 500w, https:\/\/www.cpv-ev.com\/wp-content\/uploads\/2021\/02\/Duke-146x110.jpg 146w, https:\/\/www.cpv-ev.com\/wp-content\/uploads\/2021\/02\/Duke-150x110.jpg 150w, https:\/\/www.cpv-ev.com\/wp-content\/uploads\/2021\/02\/Duke.jpg 750w\" sizes=\"auto, (max-width: 148px) 100vw, 148px\" \/><\/a><a href=\"https:\/\/www.cpv-ev.com\/wp-content\/uploads\/2013\/11\/Larein-Duke.jpg\">&nbsp; <\/a><a href=\"https:\/\/www.cpv-ev.com\/wp-content\/uploads\/2021\/02\/Duke-Kopf.jpg\"><img loading=\"lazy\" decoding=\"async\" class=\"alignnone size-thumbnail wp-image-26201\" src=\"https:\/\/www.cpv-ev.com\/wp-content\/uploads\/2021\/02\/Duke-Kopf-82x110.jpg\" alt=\"\" width=\"82\" height=\"110\" srcset=\"https:\/\/www.cpv-ev.com\/wp-content\/uploads\/2021\/02\/Duke-Kopf-82x110.jpg 82w, https:\/\/www.cpv-ev.com\/wp-content\/uploads\/2021\/02\/Duke-Kopf-300x400.jpg 300w, https:\/\/www.cpv-ev.com\/wp-content\/uploads\/2021\/02\/Duke-Kopf-375x500.jpg 375w, https:\/\/www.cpv-ev.com\/wp-content\/uploads\/2021\/02\/Duke-Kopf-110x146.jpg 110w, https:\/\/www.cpv-ev.com\/wp-content\/uploads\/2021\/02\/Duke-Kopf-225x300.jpg 225w, https:\/\/www.cpv-ev.com\/wp-content\/uploads\/2021\/02\/Duke-Kopf.jpg 562w\" sizes=\"auto, (max-width: 82px) 100vw, 82px\" \/><\/a><\/p>\n<h5>Nachkommen<\/h5>\n\n<table id=\"tablepress-18\" class=\"tablepress tablepress-id-18\">\n<thead>\n<tr class=\"row-1\">\n\t<th class=\"column-1\">FOTO<\/th><th class=\"column-2\">NAME<\/th><th class=\"column-3\">JAHR<\/th><th class=\"column-4\">VATER<\/th><th class=\"column-5\">MUTTER<\/th><th class=\"column-6\">Z\u00dcCHTER<\/th>\n<\/tr>\n<\/thead>\n<tbody class=\"row-striping row-hover\">\n<\/tbody>\n<\/table>\n<!-- #tablepress-18 from cache -->\n","protected":false},"excerpt":{"rendered":"<p>&nbsp; Farbe: Falbe Hengstbuch: Rheinland HB I Geboren: 2002 Leistungspr\u00fcfung: keine Stockma\u00df: 144 cm Tr\u00e4ger des Creme-Faktors: ja R\u00f6hrbein: 18,5 cm Tr\u00e4ger des Fuchsgens: unbekannt Ausgeschieden: kastriert Gek\u00f6rte S\u00f6hne: keine Eingetragene Stuten: &#8211; davon StPrSt: &#8211; Lebensgewinnsumme: &#8211; Nachkommen-LGS: &#8211; <a class=\"more-link\" href=\"https:\/\/www.cpv-ev.com\/?page_id=12107\"><span class=\"screen-reader-text\">  Duke<\/span> weiterlesen<span class=\"meta-nav\">&rarr;<\/span><\/a><\/p>\n","protected":false},"author":2,"featured_media":0,"parent":11804,"menu_order":0,"comment_status":"closed","ping_status":"closed","template":"","meta":{"ngg_post_thumbnail":0,"footnotes":""},"class_list":["post-12107","page","type-page","status-publish","hentry"],"_links":{"self":[{"href":"https:\/\/www.cpv-ev.com\/index.php?rest_route=\/wp\/v2\/pages\/12107","targetHints":{"allow":["GET"]}}],"collection":[{"href":"https:\/\/www.cpv-ev.com\/index.php?rest_route=\/wp\/v2\/pages"}],"about":[{"href":"https:\/\/www.cpv-ev.com\/index.php?rest_route=\/wp\/v2\/types\/page"}],"author":[{"embeddable":true,"href":"https:\/\/www.cpv-ev.com\/index.php?rest_route=\/wp\/v2\/users\/2"}],"replies":[{"embeddable":true,"href":"https:\/\/www.cpv-ev.com\/index.php?rest_route=%2Fwp%2Fv2%2Fcomments&post=12107"}],"version-history":[{"count":0,"href":"https:\/\/www.cpv-ev.com\/index.php?rest_route=\/wp\/v2\/pages\/12107\/revisions"}],"up":[{"embeddable":true,"href":"https:\/\/www.cpv-ev.com\/index.php?rest_route=\/wp\/v2\/pages\/11804"}],"wp:attachment":[{"href":"https:\/\/www.cpv-ev.com\/index.php?rest_route=%2Fwp%2Fv2%2Fmedia&parent=12107"}],"curies":[{"name":"wp","href":"https:\/\/api.w.org\/{rel}","templated":true}]}}